{"id":8322,"date":"2023-09-05T17:29:39","date_gmt":"2023-09-05T15:29:39","guid":{"rendered":"https:\/\/www.nouscims.com\/proyecto\/projet-avec-simplon-africa\/"},"modified":"2025-11-05T11:30:17","modified_gmt":"2025-11-05T10:30:17","slug":"projet-avec-simplon-africa","status":"publish","type":"portfolio","link":"https:\/\/www.nouscims.com\/fr\/proyecto\/projet-avec-simplon-africa\/","title":{"rendered":"Projet avec SIMPLON AFRICA"},"content":{"rendered":"<div class=\"wpb-content-wrapper\"><p>[vc_row unlock_row_content=\u00a0\u00bbyes\u00a0\u00bb row_height_percent=\u00a0\u00bb0&Prime; override_padding=\u00a0\u00bbyes\u00a0\u00bb h_padding=\u00a0\u00bb2&Prime; top_padding=\u00a0\u00bb3&Prime; bottom_padding=\u00a0\u00bb3&Prime; overlay_alpha=\u00a0\u00bb90&Prime; gutter_size=\u00a0\u00bb3&Prime; column_width_percent=\u00a0\u00bb100&Prime; shift_y=\u00a0\u00bb0&Prime; z_index=\u00a0\u00bb0&Prime; content_parallax=\u00a0\u00bb0&Prime; uncode_shortcode_id=\u00a0\u00bb207914&Prime;][vc_column column_width_percent=\u00a0\u00bb100&Prime; gutter_size=\u00a0\u00bb3&Prime; overlay_alpha=\u00a0\u00bb50&Prime; shift_x=\u00a0\u00bb0&Prime; shift_y=\u00a0\u00bb0&Prime; shift_y_down=\u00a0\u00bb0&Prime; z_index=\u00a0\u00bb0&Prime; medium_width=\u00a0\u00bb0&Prime; mobile_width=\u00a0\u00bb0&Prime; width=\u00a0\u00bb1\/1&Prime; uncode_shortcode_id=\u00a0\u00bb196735&Prime;][vc_custom_heading text_size=\u00a0\u00bbfontsize-182147&Prime; text_weight=\u00a0\u00bb500&Prime; uncode_shortcode_id=\u00a0\u00bb108889&Prime;]Projet avec SIMPLON AFRICA[\/vc_custom_heading][\/vc_column][\/vc_row][vc_row unlock_row_content=\u00a0\u00bbyes\u00a0\u00bb row_height_percent=\u00a0\u00bb0&Prime; override_padding=\u00a0\u00bbyes\u00a0\u00bb h_padding=\u00a0\u00bb2&Prime; top_padding=\u00a0\u00bb0&Prime; bottom_padding=\u00a0\u00bb2&Prime; overlay_alpha=\u00a0\u00bb90&Prime; gutter_size=\u00a0\u00bb3&Prime; column_width_percent=\u00a0\u00bb100&Prime; shift_y=\u00a0\u00bb0&Prime; z_index=\u00a0\u00bb0&Prime; content_parallax=\u00a0\u00bb0&Prime; uncode_shortcode_id=\u00a0\u00bb612478&Prime;][vc_column column_width_percent=\u00a0\u00bb100&Prime; gutter_size=\u00a0\u00bb4&Prime; style=\u00a0\u00bbdark\u00a0\u00bb overlay_alpha=\u00a0\u00bb50&Prime; shift_x=\u00a0\u00bb0&Prime; shift_y=\u00a0\u00bb0&Prime; shift_y_down=\u00a0\u00bb0&Prime; z_index=\u00a0\u00bb0&Prime; medium_width=\u00a0\u00bb0&Prime; mobile_width=\u00a0\u00bb0&Prime; width=\u00a0\u00bb1\/6&Prime; uncode_shortcode_id=\u00a0\u00bb173837&Prime;][vc_custom_heading text_color=\u00a0\u00bbaccent\u00a0\u00bb text_weight=\u00a0\u00bb600&Prime; uncode_shortcode_id=\u00a0\u00bb861842&Prime; text_color_type=\u00a0\u00bbuncode-palette\u00a0\u00bb]En quoi consiste-t-il?[\/vc_custom_heading][\/vc_column][vc_column column_width_percent=\u00a0\u00bb85&Prime; position_horizontal=\u00a0\u00bbleft\u00a0\u00bb gutter_size=\u00a0\u00bb2&Prime; overlay_alpha=\u00a0\u00bb50&Prime; shift_x=\u00a0\u00bb0&Prime; shift_y=\u00a0\u00bb0&Prime; shift_y_down=\u00a0\u00bb0&Prime; z_index=\u00a0\u00bb0&Prime; medium_width=\u00a0\u00bb0&Prime; mobile_width=\u00a0\u00bb0&Prime; width=\u00a0\u00bb5\/6&Prime; uncode_shortcode_id=\u00a0\u00bb173225&Prime;][vc_custom_heading heading_semantic=\u00a0\u00bbh3&Prime; text_size=\u00a0\u00bbh3&Prime; text_weight=\u00a0\u00bb400&Prime; uncode_shortcode_id=\u00a0\u00bb154400&Prime;]Le projet FORM\u2019EMPLOI, d\u2019une dur\u00e9e de 3\u00a0ans, est un projet de formation aux m\u00e9tiers du num\u00e9rique (r\u00e9f\u00e9rencement num\u00e9rique et d\u00e9veloppement Web\/mobile) pour les jeunes du d\u00e9partement de Pikine. Ce projet de formation ax\u00e9 sur l\u2019employabilit\u00e9 et l\u2019autonomisation durable sera d\u00e9ploy\u00e9 \u00e0 travers 3\u00a0sessions cons\u00e9cutives de 7\u00a0mois chacune \u00e0 raison de 30\u00a0b\u00e9n\u00e9ficiaires par cohorte et par an. Les sessions d\u00e9buteront en janvier 2023\u00a0et se d\u00e9rouleront en pr\u00e9sentiel avec un syst\u00e8me d\u2019alternance apr\u00e8s 4\u00a0mois d\u2019apprentissage. Elles seront compl\u00e9t\u00e9es par un syst\u00e8me d\u2019aide \u00e0 l\u2019insertion professionnelle \u00e0 la fin du cours.[\/vc_custom_heading][vc_custom_heading heading_semantic=\u00a0\u00bbh3&Prime; text_size=\u00a0\u00bbh3&Prime; text_weight=\u00a0\u00bb400&Prime; uncode_shortcode_id=\u00a0\u00bb307387&Prime;]En plus du savoir-faire, la formation comprend le renforcement des comp\u00e9tences transversales (soft skills) n\u00e9cessaires \u00e0 une int\u00e9gration durable sur le march\u00e9 du travail. Ce soutien au d\u00e9veloppement des soft skills et des comp\u00e9tences interpersonnelles permettra aux jeunes de mieux comprendre les d\u00e9fis auxquels ils seront confront\u00e9s dans leur future vie professionnelle, o\u00f9 l\u2019adaptabilit\u00e9, l\u2019esprit d\u2019\u00e9quipe, les capacit\u00e9s de communication, etc. sont des aptitudes essentielles pour progresser.[\/vc_custom_heading][vc_custom_heading heading_semantic=\u00a0\u00bbh3&Prime; text_size=\u00a0\u00bbh3&Prime; text_weight=\u00a0\u00bb400&Prime; uncode_shortcode_id=\u00a0\u00bb107001&Prime;]\u00c0 travers une approche inclusive, Simplon cherche \u00e9galement \u00e0 impliquer les acteurs locaux dans la mise en \u0153uvre du projet, notamment l\u2019ANPEJ, les mairies de Pikine Est, Nord, Thiaroye Djiddah Kaw, le P\u00f4le Emploi de Pikine et les partenaires b\u00e9n\u00e9ficiaires des prestations de la FNC.[\/vc_custom_heading][\/vc_column][\/vc_row][vc_row][vc_column width=\u00a0\u00bb1\/1&Prime;][vc_single_image media=\u00a0\u00bb6773&Prime; media_width_percent=\u00a0\u00bb100&Prime; uncode_shortcode_id=\u00a0\u00bb224373&Prime;][\/vc_column][\/vc_row]<\/p>\n<\/div>","protected":false},"excerpt":{"rendered":"[vc_row unlock_row_content=\"yes\" row_height_percent=\"0\" override_padding=\"yes\" h_padding=\"2\" top_padding=\"3\" bottom_padding=\"3\" overlay_alpha=\"90\" gutter_size=\"3\" column_width_percent=\"100\" shift_y=\"0\" z_index=\"0\" content_parallax=\"0\" uncode_shortcode_id=\"207914\"][vc_column column_width_percent=\"100\" gutter_size=\"3\" overlay_alpha=\"50\" shift_x=\"0\" shift_y=\"0\" shift_y_down=\"0\" [...]","protected":false},"author":2,"featured_media":6773,"parent":0,"menu_order":12,"comment_status":"open","ping_status":"open","template":"","meta":{"footnotes":""},"portfolio_category":[203,207],"class_list":["post-8322","portfolio","type-portfolio","status-publish","has-post-thumbnail","hentry","portfolio_category-developpement-global","portfolio_category-projets-demployabilite"],"yoast_head":"<!-- This site is optimized with the Yoast SEO plugin v27.4 - https:\/\/yoast.com\/product\/yoast-seo-wordpress\/ -->\n<title>Projet avec SIMPLON AFRICA - Fundaci\u00f3n Privada Nous Cims<\/title>\n<meta name=\"robots\" content=\"index, follow, max-snippet:-1, max-image-preview:large, max-video-preview:-1\" \/>\n<link rel=\"canonical\" href=\"https:\/\/www.nouscims.com\/fr\/proyecto\/projet-avec-simplon-africa\/\" \/>\n<meta property=\"og:locale\" content=\"fr_FR\" \/>\n<meta property=\"og:type\" content=\"article\" \/>\n<meta property=\"og:title\" content=\"Projet avec SIMPLON AFRICA - Fundaci\u00f3n Privada Nous Cims\" \/>\n<meta property=\"og:url\" content=\"https:\/\/www.nouscims.com\/fr\/proyecto\/projet-avec-simplon-africa\/\" \/>\n<meta property=\"og:site_name\" content=\"Fundaci\u00f3n Privada Nous Cims\" \/>\n<meta property=\"article:publisher\" content=\"https:\/\/www.facebook.com\/nouscims\" \/>\n<meta property=\"article:modified_time\" content=\"2025-11-05T10:30:17+00:00\" \/>\n<meta property=\"og:image\" content=\"https:\/\/www.nouscims.com\/wp-content\/uploads\/2022\/11\/Simplon-dakar.jpg\" \/>\n\t<meta property=\"og:image:width\" content=\"2048\" \/>\n\t<meta property=\"og:image:height\" content=\"1364\" \/>\n\t<meta property=\"og:image:type\" content=\"image\/jpeg\" \/>\n<meta name=\"twitter:card\" content=\"summary_large_image\" \/>\n<meta name=\"twitter:site\" content=\"@nouscims\" \/>\n<meta name=\"twitter:label1\" content=\"Dur\u00e9e de lecture estim\u00e9e\" \/>\n\t<meta name=\"twitter:data1\" content=\"2 minutes\" \/>\n<script type=\"application\/ld+json\" class=\"yoast-schema-graph\">{\"@context\":\"https:\\\/\\\/schema.org\",\"@graph\":[{\"@type\":\"WebPage\",\"@id\":\"https:\\\/\\\/www.nouscims.com\\\/fr\\\/proyecto\\\/projet-avec-simplon-africa\\\/\",\"url\":\"https:\\\/\\\/www.nouscims.com\\\/fr\\\/proyecto\\\/projet-avec-simplon-africa\\\/\",\"name\":\"Projet avec SIMPLON AFRICA - Fundaci\u00f3n Privada Nous Cims\",\"isPartOf\":{\"@id\":\"https:\\\/\\\/www.nouscims.com\\\/fr\\\/#website\"},\"primaryImageOfPage\":{\"@id\":\"https:\\\/\\\/www.nouscims.com\\\/fr\\\/proyecto\\\/projet-avec-simplon-africa\\\/#primaryimage\"},\"image\":{\"@id\":\"https:\\\/\\\/www.nouscims.com\\\/fr\\\/proyecto\\\/projet-avec-simplon-africa\\\/#primaryimage\"},\"thumbnailUrl\":\"https:\\\/\\\/www.nouscims.com\\\/wp-content\\\/uploads\\\/2022\\\/11\\\/Simplon-dakar.jpg\",\"datePublished\":\"2023-09-05T15:29:39+00:00\",\"dateModified\":\"2025-11-05T10:30:17+00:00\",\"breadcrumb\":{\"@id\":\"https:\\\/\\\/www.nouscims.com\\\/fr\\\/proyecto\\\/projet-avec-simplon-africa\\\/#breadcrumb\"},\"inLanguage\":\"fr-FR\",\"potentialAction\":[{\"@type\":\"ReadAction\",\"target\":[\"https:\\\/\\\/www.nouscims.com\\\/fr\\\/proyecto\\\/projet-avec-simplon-africa\\\/\"]}]},{\"@type\":\"ImageObject\",\"inLanguage\":\"fr-FR\",\"@id\":\"https:\\\/\\\/www.nouscims.com\\\/fr\\\/proyecto\\\/projet-avec-simplon-africa\\\/#primaryimage\",\"url\":\"https:\\\/\\\/www.nouscims.com\\\/wp-content\\\/uploads\\\/2022\\\/11\\\/Simplon-dakar.jpg\",\"contentUrl\":\"https:\\\/\\\/www.nouscims.com\\\/wp-content\\\/uploads\\\/2022\\\/11\\\/Simplon-dakar.jpg\",\"width\":2048,\"height\":1364},{\"@type\":\"BreadcrumbList\",\"@id\":\"https:\\\/\\\/www.nouscims.com\\\/fr\\\/proyecto\\\/projet-avec-simplon-africa\\\/#breadcrumb\",\"itemListElement\":[{\"@type\":\"ListItem\",\"position\":1,\"name\":\"Portada\",\"item\":\"https:\\\/\\\/www.nouscims.com\\\/fr\\\/\"},{\"@type\":\"ListItem\",\"position\":2,\"name\":\"Proyectos\",\"item\":\"https:\\\/\\\/www.nouscims.com\\\/fr\\\/proyecto\\\/\"},{\"@type\":\"ListItem\",\"position\":3,\"name\":\"Projet avec SIMPLON AFRICA\"}]},{\"@type\":\"WebSite\",\"@id\":\"https:\\\/\\\/www.nouscims.com\\\/fr\\\/#website\",\"url\":\"https:\\\/\\\/www.nouscims.com\\\/fr\\\/\",\"name\":\"Fundaci\u00f3n Privada Nous Cims\",\"description\":\"Impulsamos y desarrollamos proyectos de innovaci\u00f3n social\",\"potentialAction\":[{\"@type\":\"SearchAction\",\"target\":{\"@type\":\"EntryPoint\",\"urlTemplate\":\"https:\\\/\\\/www.nouscims.com\\\/fr\\\/?s={search_term_string}\"},\"query-input\":{\"@type\":\"PropertyValueSpecification\",\"valueRequired\":true,\"valueName\":\"search_term_string\"}}],\"inLanguage\":\"fr-FR\"}]}<\/script>\n<!-- \/ Yoast SEO plugin. -->","yoast_head_json":{"title":"Projet avec SIMPLON AFRICA - Fundaci\u00f3n Privada Nous Cims","robots":{"index":"index","follow":"follow","max-snippet":"max-snippet:-1","max-image-preview":"max-image-preview:large","max-video-preview":"max-video-preview:-1"},"canonical":"https:\/\/www.nouscims.com\/fr\/proyecto\/projet-avec-simplon-africa\/","og_locale":"fr_FR","og_type":"article","og_title":"Projet avec SIMPLON AFRICA - Fundaci\u00f3n Privada Nous Cims","og_url":"https:\/\/www.nouscims.com\/fr\/proyecto\/projet-avec-simplon-africa\/","og_site_name":"Fundaci\u00f3n Privada Nous Cims","article_publisher":"https:\/\/www.facebook.com\/nouscims","article_modified_time":"2025-11-05T10:30:17+00:00","og_image":[{"width":2048,"height":1364,"url":"https:\/\/www.nouscims.com\/wp-content\/uploads\/2022\/11\/Simplon-dakar.jpg","type":"image\/jpeg"}],"twitter_card":"summary_large_image","twitter_site":"@nouscims","twitter_misc":{"Dur\u00e9e de lecture estim\u00e9e":"2 minutes"},"schema":{"@context":"https:\/\/schema.org","@graph":[{"@type":"WebPage","@id":"https:\/\/www.nouscims.com\/fr\/proyecto\/projet-avec-simplon-africa\/","url":"https:\/\/www.nouscims.com\/fr\/proyecto\/projet-avec-simplon-africa\/","name":"Projet avec SIMPLON AFRICA - Fundaci\u00f3n Privada Nous Cims","isPartOf":{"@id":"https:\/\/www.nouscims.com\/fr\/#website"},"primaryImageOfPage":{"@id":"https:\/\/www.nouscims.com\/fr\/proyecto\/projet-avec-simplon-africa\/#primaryimage"},"image":{"@id":"https:\/\/www.nouscims.com\/fr\/proyecto\/projet-avec-simplon-africa\/#primaryimage"},"thumbnailUrl":"https:\/\/www.nouscims.com\/wp-content\/uploads\/2022\/11\/Simplon-dakar.jpg","datePublished":"2023-09-05T15:29:39+00:00","dateModified":"2025-11-05T10:30:17+00:00","breadcrumb":{"@id":"https:\/\/www.nouscims.com\/fr\/proyecto\/projet-avec-simplon-africa\/#breadcrumb"},"inLanguage":"fr-FR","potentialAction":[{"@type":"ReadAction","target":["https:\/\/www.nouscims.com\/fr\/proyecto\/projet-avec-simplon-africa\/"]}]},{"@type":"ImageObject","inLanguage":"fr-FR","@id":"https:\/\/www.nouscims.com\/fr\/proyecto\/projet-avec-simplon-africa\/#primaryimage","url":"https:\/\/www.nouscims.com\/wp-content\/uploads\/2022\/11\/Simplon-dakar.jpg","contentUrl":"https:\/\/www.nouscims.com\/wp-content\/uploads\/2022\/11\/Simplon-dakar.jpg","width":2048,"height":1364},{"@type":"BreadcrumbList","@id":"https:\/\/www.nouscims.com\/fr\/proyecto\/projet-avec-simplon-africa\/#breadcrumb","itemListElement":[{"@type":"ListItem","position":1,"name":"Portada","item":"https:\/\/www.nouscims.com\/fr\/"},{"@type":"ListItem","position":2,"name":"Proyectos","item":"https:\/\/www.nouscims.com\/fr\/proyecto\/"},{"@type":"ListItem","position":3,"name":"Projet avec SIMPLON AFRICA"}]},{"@type":"WebSite","@id":"https:\/\/www.nouscims.com\/fr\/#website","url":"https:\/\/www.nouscims.com\/fr\/","name":"Fundaci\u00f3n Privada Nous Cims","description":"Impulsamos y desarrollamos proyectos de innovaci\u00f3n social","potentialAction":[{"@type":"SearchAction","target":{"@type":"EntryPoint","urlTemplate":"https:\/\/www.nouscims.com\/fr\/?s={search_term_string}"},"query-input":{"@type":"PropertyValueSpecification","valueRequired":true,"valueName":"search_term_string"}}],"inLanguage":"fr-FR"}]}},"_links":{"self":[{"href":"https:\/\/www.nouscims.com\/fr\/wp-json\/wp\/v2\/portfolio\/8322","targetHints":{"allow":["GET"]}}],"collection":[{"href":"https:\/\/www.nouscims.com\/fr\/wp-json\/wp\/v2\/portfolio"}],"about":[{"href":"https:\/\/www.nouscims.com\/fr\/wp-json\/wp\/v2\/types\/portfolio"}],"author":[{"embeddable":true,"href":"https:\/\/www.nouscims.com\/fr\/wp-json\/wp\/v2\/users\/2"}],"replies":[{"embeddable":true,"href":"https:\/\/www.nouscims.com\/fr\/wp-json\/wp\/v2\/comments?post=8322"}],"version-history":[{"count":5,"href":"https:\/\/www.nouscims.com\/fr\/wp-json\/wp\/v2\/portfolio\/8322\/revisions"}],"predecessor-version":[{"id":12788,"href":"https:\/\/www.nouscims.com\/fr\/wp-json\/wp\/v2\/portfolio\/8322\/revisions\/12788"}],"wp:featuredmedia":[{"embeddable":true,"href":"https:\/\/www.nouscims.com\/fr\/wp-json\/wp\/v2\/media\/6773"}],"wp:attachment":[{"href":"https:\/\/www.nouscims.com\/fr\/wp-json\/wp\/v2\/media?parent=8322"}],"wp:term":[{"taxonomy":"portfolio_category","embeddable":true,"href":"https:\/\/www.nouscims.com\/fr\/wp-json\/wp\/v2\/portfolio_category?post=8322"}],"curies":[{"name":"wp","href":"https:\/\/api.w.org\/{rel}","templated":true}]}}