{"id":8307,"date":"2023-09-05T17:09:50","date_gmt":"2023-09-05T15:09:50","guid":{"rendered":"https:\/\/www.nouscims.com\/proyecto\/projet-avec-forut\/"},"modified":"2025-11-05T14:48:26","modified_gmt":"2025-11-05T13:48:26","slug":"projet-avec-forut","status":"publish","type":"portfolio","link":"https:\/\/www.nouscims.com\/fr\/proyecto\/projet-avec-forut\/","title":{"rendered":"Projet avec FORUT"},"content":{"rendered":"<div class=\"wpb-content-wrapper\"><p>[vc_row unlock_row_content=\u00a0\u00bbyes\u00a0\u00bb row_height_percent=\u00a0\u00bb0&Prime; override_padding=\u00a0\u00bbyes\u00a0\u00bb h_padding=\u00a0\u00bb2&Prime; top_padding=\u00a0\u00bb3&Prime; bottom_padding=\u00a0\u00bb3&Prime; overlay_alpha=\u00a0\u00bb90&Prime; gutter_size=\u00a0\u00bb3&Prime; column_width_percent=\u00a0\u00bb100&Prime; shift_y=\u00a0\u00bb0&Prime; z_index=\u00a0\u00bb0&Prime; content_parallax=\u00a0\u00bb0&Prime; uncode_shortcode_id=\u00a0\u00bb207914&Prime;][vc_column column_width_percent=\u00a0\u00bb100&Prime; gutter_size=\u00a0\u00bb3&Prime; overlay_alpha=\u00a0\u00bb50&Prime; shift_x=\u00a0\u00bb0&Prime; shift_y=\u00a0\u00bb0&Prime; shift_y_down=\u00a0\u00bb0&Prime; z_index=\u00a0\u00bb0&Prime; medium_width=\u00a0\u00bb0&Prime; mobile_width=\u00a0\u00bb0&Prime; width=\u00a0\u00bb1\/1&Prime; uncode_shortcode_id=\u00a0\u00bb196735&Prime;][vc_custom_heading text_size=\u00a0\u00bbfontsize-182147&Prime; text_weight=\u00a0\u00bb500&Prime; uncode_shortcode_id=\u00a0\u00bb168588&Prime;]Projet avec FORUT[\/vc_custom_heading][\/vc_column][\/vc_row][vc_row unlock_row_content=\u00a0\u00bbyes\u00a0\u00bb row_height_percent=\u00a0\u00bb0&Prime; override_padding=\u00a0\u00bbyes\u00a0\u00bb h_padding=\u00a0\u00bb2&Prime; top_padding=\u00a0\u00bb0&Prime; bottom_padding=\u00a0\u00bb2&Prime; overlay_alpha=\u00a0\u00bb90&Prime; gutter_size=\u00a0\u00bb3&Prime; column_width_percent=\u00a0\u00bb100&Prime; shift_y=\u00a0\u00bb0&Prime; z_index=\u00a0\u00bb0&Prime; content_parallax=\u00a0\u00bb0&Prime; uncode_shortcode_id=\u00a0\u00bb612478&Prime;][vc_column column_width_percent=\u00a0\u00bb100&Prime; gutter_size=\u00a0\u00bb4&Prime; style=\u00a0\u00bbdark\u00a0\u00bb overlay_alpha=\u00a0\u00bb50&Prime; shift_x=\u00a0\u00bb0&Prime; shift_y=\u00a0\u00bb0&Prime; shift_y_down=\u00a0\u00bb0&Prime; z_index=\u00a0\u00bb0&Prime; medium_width=\u00a0\u00bb0&Prime; mobile_width=\u00a0\u00bb0&Prime; width=\u00a0\u00bb1\/6&Prime; uncode_shortcode_id=\u00a0\u00bb173837&Prime;][vc_custom_heading text_color=\u00a0\u00bbaccent\u00a0\u00bb text_weight=\u00a0\u00bb600&Prime; uncode_shortcode_id=\u00a0\u00bb189361&Prime; text_color_type=\u00a0\u00bbuncode-palette\u00a0\u00bb]En quoi consiste-t-il?[\/vc_custom_heading][\/vc_column][vc_column column_width_percent=\u00a0\u00bb85&Prime; position_horizontal=\u00a0\u00bbleft\u00a0\u00bb gutter_size=\u00a0\u00bb2&Prime; overlay_alpha=\u00a0\u00bb50&Prime; shift_x=\u00a0\u00bb0&Prime; shift_y=\u00a0\u00bb0&Prime; shift_y_down=\u00a0\u00bb0&Prime; z_index=\u00a0\u00bb0&Prime; medium_width=\u00a0\u00bb0&Prime; mobile_width=\u00a0\u00bb0&Prime; width=\u00a0\u00bb5\/6&Prime; uncode_shortcode_id=\u00a0\u00bb173225&Prime;][vc_custom_heading heading_semantic=\u00a0\u00bbh3&Prime; text_size=\u00a0\u00bbh3&Prime; text_weight=\u00a0\u00bb400&Prime; uncode_shortcode_id=\u00a0\u00bb252701&Prime;]Le projet, d\u2019une dur\u00e9e de trois ans, vise \u00e0 soutenir l\u2019expansion g\u00e9ographique de l\u2019\u00e9cole de formation professionnelle, d\u00e9j\u00e0 pr\u00e9sente \u00e0 Dakar, \u00e0 Saint-Louis et \u00e0 Ziguinchor.[\/vc_custom_heading][vc_custom_heading heading_semantic=\u00a0\u00bbh3&Prime; text_size=\u00a0\u00bbh3&Prime; text_weight=\u00a0\u00bb400&Prime; uncode_shortcode_id=\u00a0\u00bb406239&Prime;]Suite \u00e0 un fort d\u00e9veloppement, le secteur audiovisuel a fini par occuper une place pr\u00e9pond\u00e9rante dans le syst\u00e8me de communication et d\u2019emploi des jeunes, aussi bien en milieu urbain que rural. L\u2019objectif de la cr\u00e9ation de ce centre de formation professionnelle est d\u2019offrir aux jeunes du S\u00e9n\u00e9gal un cadre d\u2019expression et de qualification avec des jeunes du monde entier dans le domaine de la cr\u00e9ation et de la production des m\u00e9dias et outils de communication. Cette motivation pour agir en faveur du changement citoyen permettra \u00e9galement aux jeunes de rester sur leurs terres et d\u2019aider \u00e0 la production de m\u00e9dias communautaires lors d\u2019\u00e9v\u00e9nements et de campagnes nationales.[\/vc_custom_heading][\/vc_column][\/vc_row][vc_row][vc_column width=\u00a0\u00bb1\/1&Prime;][vc_single_image media=\u00a0\u00bb6739&Prime; media_width_percent=\u00a0\u00bb100&Prime; uncode_shortcode_id=\u00a0\u00bb213533&Prime;][\/vc_column][\/vc_row]<\/p>\n<\/div>","protected":false},"excerpt":{"rendered":"[vc_row unlock_row_content=\"yes\" row_height_percent=\"0\" override_padding=\"yes\" h_padding=\"2\" top_padding=\"3\" bottom_padding=\"3\" overlay_alpha=\"90\" gutter_size=\"3\" column_width_percent=\"100\" shift_y=\"0\" z_index=\"0\" content_parallax=\"0\" uncode_shortcode_id=\"207914\"][vc_column column_width_percent=\"100\" gutter_size=\"3\" overlay_alpha=\"50\" shift_x=\"0\" shift_y=\"0\" shift_y_down=\"0\" [...]","protected":false},"author":2,"featured_media":6739,"parent":0,"menu_order":37,"comment_status":"open","ping_status":"open","template":"","meta":{"footnotes":""},"portfolio_category":[203,207],"class_list":["post-8307","portfolio","type-portfolio","status-publish","has-post-thumbnail","hentry","portfolio_category-developpement-global","portfolio_category-projets-demployabilite"],"yoast_head":"<!-- This site is optimized with the Yoast SEO plugin v27.4 - https:\/\/yoast.com\/product\/yoast-seo-wordpress\/ -->\n<title>Projet avec FORUT - Fundaci\u00f3n Privada Nous Cims<\/title>\n<meta name=\"robots\" content=\"index, follow, max-snippet:-1, max-image-preview:large, max-video-preview:-1\" \/>\n<link rel=\"canonical\" href=\"https:\/\/www.nouscims.com\/fr\/proyecto\/projet-avec-forut\/\" \/>\n<meta property=\"og:locale\" content=\"fr_FR\" \/>\n<meta property=\"og:type\" content=\"article\" \/>\n<meta property=\"og:title\" content=\"Projet avec FORUT - Fundaci\u00f3n Privada Nous Cims\" \/>\n<meta property=\"og:url\" content=\"https:\/\/www.nouscims.com\/fr\/proyecto\/projet-avec-forut\/\" \/>\n<meta property=\"og:site_name\" content=\"Fundaci\u00f3n Privada Nous Cims\" \/>\n<meta property=\"article:publisher\" content=\"https:\/\/www.facebook.com\/nouscims\" \/>\n<meta property=\"article:modified_time\" content=\"2025-11-05T13:48:26+00:00\" \/>\n<meta property=\"og:image\" content=\"https:\/\/www.nouscims.com\/wp-content\/uploads\/2022\/11\/FORUT.jpeg\" \/>\n\t<meta property=\"og:image:width\" content=\"1080\" \/>\n\t<meta property=\"og:image:height\" content=\"810\" \/>\n\t<meta property=\"og:image:type\" content=\"image\/jpeg\" \/>\n<meta name=\"twitter:card\" content=\"summary_large_image\" \/>\n<meta name=\"twitter:site\" content=\"@nouscims\" \/>\n<meta name=\"twitter:label1\" content=\"Dur\u00e9e de lecture estim\u00e9e\" \/>\n\t<meta name=\"twitter:data1\" content=\"1 minute\" \/>\n<script type=\"application\/ld+json\" class=\"yoast-schema-graph\">{\"@context\":\"https:\\\/\\\/schema.org\",\"@graph\":[{\"@type\":\"WebPage\",\"@id\":\"https:\\\/\\\/www.nouscims.com\\\/fr\\\/proyecto\\\/projet-avec-forut\\\/\",\"url\":\"https:\\\/\\\/www.nouscims.com\\\/fr\\\/proyecto\\\/projet-avec-forut\\\/\",\"name\":\"Projet avec FORUT - Fundaci\u00f3n Privada Nous Cims\",\"isPartOf\":{\"@id\":\"https:\\\/\\\/www.nouscims.com\\\/fr\\\/#website\"},\"primaryImageOfPage\":{\"@id\":\"https:\\\/\\\/www.nouscims.com\\\/fr\\\/proyecto\\\/projet-avec-forut\\\/#primaryimage\"},\"image\":{\"@id\":\"https:\\\/\\\/www.nouscims.com\\\/fr\\\/proyecto\\\/projet-avec-forut\\\/#primaryimage\"},\"thumbnailUrl\":\"https:\\\/\\\/www.nouscims.com\\\/wp-content\\\/uploads\\\/2022\\\/11\\\/FORUT.jpeg\",\"datePublished\":\"2023-09-05T15:09:50+00:00\",\"dateModified\":\"2025-11-05T13:48:26+00:00\",\"breadcrumb\":{\"@id\":\"https:\\\/\\\/www.nouscims.com\\\/fr\\\/proyecto\\\/projet-avec-forut\\\/#breadcrumb\"},\"inLanguage\":\"fr-FR\",\"potentialAction\":[{\"@type\":\"ReadAction\",\"target\":[\"https:\\\/\\\/www.nouscims.com\\\/fr\\\/proyecto\\\/projet-avec-forut\\\/\"]}]},{\"@type\":\"ImageObject\",\"inLanguage\":\"fr-FR\",\"@id\":\"https:\\\/\\\/www.nouscims.com\\\/fr\\\/proyecto\\\/projet-avec-forut\\\/#primaryimage\",\"url\":\"https:\\\/\\\/www.nouscims.com\\\/wp-content\\\/uploads\\\/2022\\\/11\\\/FORUT.jpeg\",\"contentUrl\":\"https:\\\/\\\/www.nouscims.com\\\/wp-content\\\/uploads\\\/2022\\\/11\\\/FORUT.jpeg\",\"width\":1080,\"height\":810},{\"@type\":\"BreadcrumbList\",\"@id\":\"https:\\\/\\\/www.nouscims.com\\\/fr\\\/proyecto\\\/projet-avec-forut\\\/#breadcrumb\",\"itemListElement\":[{\"@type\":\"ListItem\",\"position\":1,\"name\":\"Portada\",\"item\":\"https:\\\/\\\/www.nouscims.com\\\/fr\\\/\"},{\"@type\":\"ListItem\",\"position\":2,\"name\":\"Proyectos\",\"item\":\"https:\\\/\\\/www.nouscims.com\\\/fr\\\/proyecto\\\/\"},{\"@type\":\"ListItem\",\"position\":3,\"name\":\"Projet avec FORUT\"}]},{\"@type\":\"WebSite\",\"@id\":\"https:\\\/\\\/www.nouscims.com\\\/fr\\\/#website\",\"url\":\"https:\\\/\\\/www.nouscims.com\\\/fr\\\/\",\"name\":\"Fundaci\u00f3n Privada Nous Cims\",\"description\":\"Impulsamos y desarrollamos proyectos de innovaci\u00f3n social\",\"potentialAction\":[{\"@type\":\"SearchAction\",\"target\":{\"@type\":\"EntryPoint\",\"urlTemplate\":\"https:\\\/\\\/www.nouscims.com\\\/fr\\\/?s={search_term_string}\"},\"query-input\":{\"@type\":\"PropertyValueSpecification\",\"valueRequired\":true,\"valueName\":\"search_term_string\"}}],\"inLanguage\":\"fr-FR\"}]}<\/script>\n<!-- \/ Yoast SEO plugin. -->","yoast_head_json":{"title":"Projet avec FORUT - Fundaci\u00f3n Privada Nous Cims","robots":{"index":"index","follow":"follow","max-snippet":"max-snippet:-1","max-image-preview":"max-image-preview:large","max-video-preview":"max-video-preview:-1"},"canonical":"https:\/\/www.nouscims.com\/fr\/proyecto\/projet-avec-forut\/","og_locale":"fr_FR","og_type":"article","og_title":"Projet avec FORUT - Fundaci\u00f3n Privada Nous Cims","og_url":"https:\/\/www.nouscims.com\/fr\/proyecto\/projet-avec-forut\/","og_site_name":"Fundaci\u00f3n Privada Nous Cims","article_publisher":"https:\/\/www.facebook.com\/nouscims","article_modified_time":"2025-11-05T13:48:26+00:00","og_image":[{"width":1080,"height":810,"url":"https:\/\/www.nouscims.com\/wp-content\/uploads\/2022\/11\/FORUT.jpeg","type":"image\/jpeg"}],"twitter_card":"summary_large_image","twitter_site":"@nouscims","twitter_misc":{"Dur\u00e9e de lecture estim\u00e9e":"1 minute"},"schema":{"@context":"https:\/\/schema.org","@graph":[{"@type":"WebPage","@id":"https:\/\/www.nouscims.com\/fr\/proyecto\/projet-avec-forut\/","url":"https:\/\/www.nouscims.com\/fr\/proyecto\/projet-avec-forut\/","name":"Projet avec FORUT - Fundaci\u00f3n Privada Nous Cims","isPartOf":{"@id":"https:\/\/www.nouscims.com\/fr\/#website"},"primaryImageOfPage":{"@id":"https:\/\/www.nouscims.com\/fr\/proyecto\/projet-avec-forut\/#primaryimage"},"image":{"@id":"https:\/\/www.nouscims.com\/fr\/proyecto\/projet-avec-forut\/#primaryimage"},"thumbnailUrl":"https:\/\/www.nouscims.com\/wp-content\/uploads\/2022\/11\/FORUT.jpeg","datePublished":"2023-09-05T15:09:50+00:00","dateModified":"2025-11-05T13:48:26+00:00","breadcrumb":{"@id":"https:\/\/www.nouscims.com\/fr\/proyecto\/projet-avec-forut\/#breadcrumb"},"inLanguage":"fr-FR","potentialAction":[{"@type":"ReadAction","target":["https:\/\/www.nouscims.com\/fr\/proyecto\/projet-avec-forut\/"]}]},{"@type":"ImageObject","inLanguage":"fr-FR","@id":"https:\/\/www.nouscims.com\/fr\/proyecto\/projet-avec-forut\/#primaryimage","url":"https:\/\/www.nouscims.com\/wp-content\/uploads\/2022\/11\/FORUT.jpeg","contentUrl":"https:\/\/www.nouscims.com\/wp-content\/uploads\/2022\/11\/FORUT.jpeg","width":1080,"height":810},{"@type":"BreadcrumbList","@id":"https:\/\/www.nouscims.com\/fr\/proyecto\/projet-avec-forut\/#breadcrumb","itemListElement":[{"@type":"ListItem","position":1,"name":"Portada","item":"https:\/\/www.nouscims.com\/fr\/"},{"@type":"ListItem","position":2,"name":"Proyectos","item":"https:\/\/www.nouscims.com\/fr\/proyecto\/"},{"@type":"ListItem","position":3,"name":"Projet avec FORUT"}]},{"@type":"WebSite","@id":"https:\/\/www.nouscims.com\/fr\/#website","url":"https:\/\/www.nouscims.com\/fr\/","name":"Fundaci\u00f3n Privada Nous Cims","description":"Impulsamos y desarrollamos proyectos de innovaci\u00f3n social","potentialAction":[{"@type":"SearchAction","target":{"@type":"EntryPoint","urlTemplate":"https:\/\/www.nouscims.com\/fr\/?s={search_term_string}"},"query-input":{"@type":"PropertyValueSpecification","valueRequired":true,"valueName":"search_term_string"}}],"inLanguage":"fr-FR"}]}},"_links":{"self":[{"href":"https:\/\/www.nouscims.com\/fr\/wp-json\/wp\/v2\/portfolio\/8307","targetHints":{"allow":["GET"]}}],"collection":[{"href":"https:\/\/www.nouscims.com\/fr\/wp-json\/wp\/v2\/portfolio"}],"about":[{"href":"https:\/\/www.nouscims.com\/fr\/wp-json\/wp\/v2\/types\/portfolio"}],"author":[{"embeddable":true,"href":"https:\/\/www.nouscims.com\/fr\/wp-json\/wp\/v2\/users\/2"}],"replies":[{"embeddable":true,"href":"https:\/\/www.nouscims.com\/fr\/wp-json\/wp\/v2\/comments?post=8307"}],"version-history":[{"count":4,"href":"https:\/\/www.nouscims.com\/fr\/wp-json\/wp\/v2\/portfolio\/8307\/revisions"}],"predecessor-version":[{"id":12857,"href":"https:\/\/www.nouscims.com\/fr\/wp-json\/wp\/v2\/portfolio\/8307\/revisions\/12857"}],"wp:featuredmedia":[{"embeddable":true,"href":"https:\/\/www.nouscims.com\/fr\/wp-json\/wp\/v2\/media\/6739"}],"wp:attachment":[{"href":"https:\/\/www.nouscims.com\/fr\/wp-json\/wp\/v2\/media?parent=8307"}],"wp:term":[{"taxonomy":"portfolio_category","embeddable":true,"href":"https:\/\/www.nouscims.com\/fr\/wp-json\/wp\/v2\/portfolio_category?post=8307"}],"curies":[{"name":"wp","href":"https:\/\/api.w.org\/{rel}","templated":true}]}}