{"id":8295,"date":"2023-09-05T17:00:07","date_gmt":"2023-09-05T15:00:07","guid":{"rendered":"https:\/\/www.nouscims.com\/proyecto\/projet-avec-lassociation-education-solidaire-2\/"},"modified":"2025-11-05T12:04:26","modified_gmt":"2025-11-05T11:04:26","slug":"projet-avec-lassociation-education-solidaire-2","status":"publish","type":"portfolio","link":"https:\/\/www.nouscims.com\/fr\/proyecto\/projet-avec-lassociation-education-solidaire-2\/","title":{"rendered":"Projet avec l\u2019Association \u00c9ducation Solidaire"},"content":{"rendered":"<div class=\"wpb-content-wrapper\"><p>[vc_row unlock_row_content=\u00a0\u00bbyes\u00a0\u00bb row_height_percent=\u00a0\u00bb0&Prime; override_padding=\u00a0\u00bbyes\u00a0\u00bb h_padding=\u00a0\u00bb2&Prime; top_padding=\u00a0\u00bb3&Prime; bottom_padding=\u00a0\u00bb3&Prime; overlay_alpha=\u00a0\u00bb90&Prime; gutter_size=\u00a0\u00bb3&Prime; column_width_percent=\u00a0\u00bb100&Prime; shift_y=\u00a0\u00bb0&Prime; z_index=\u00a0\u00bb0&Prime; content_parallax=\u00a0\u00bb0&Prime; uncode_shortcode_id=\u00a0\u00bb207914&Prime;][vc_column column_width_percent=\u00a0\u00bb100&Prime; gutter_size=\u00a0\u00bb3&Prime; overlay_alpha=\u00a0\u00bb50&Prime; shift_x=\u00a0\u00bb0&Prime; shift_y=\u00a0\u00bb0&Prime; shift_y_down=\u00a0\u00bb0&Prime; z_index=\u00a0\u00bb0&Prime; medium_width=\u00a0\u00bb0&Prime; mobile_width=\u00a0\u00bb0&Prime; width=\u00a0\u00bb1\/1&Prime; uncode_shortcode_id=\u00a0\u00bb196735&Prime;][vc_custom_heading text_size=\u00a0\u00bbfontsize-182147&Prime; text_weight=\u00a0\u00bb500&Prime; uncode_shortcode_id=\u00a0\u00bb162551&Prime;]Projet avec Association Education Solidaire[\/vc_custom_heading][\/vc_column][\/vc_row][vc_row unlock_row_content=\u00a0\u00bbyes\u00a0\u00bb row_height_percent=\u00a0\u00bb0&Prime; override_padding=\u00a0\u00bbyes\u00a0\u00bb h_padding=\u00a0\u00bb2&Prime; top_padding=\u00a0\u00bb0&Prime; bottom_padding=\u00a0\u00bb2&Prime; overlay_alpha=\u00a0\u00bb90&Prime; gutter_size=\u00a0\u00bb3&Prime; column_width_percent=\u00a0\u00bb100&Prime; shift_y=\u00a0\u00bb0&Prime; z_index=\u00a0\u00bb0&Prime; content_parallax=\u00a0\u00bb0&Prime; uncode_shortcode_id=\u00a0\u00bb612478&Prime;][vc_column column_width_percent=\u00a0\u00bb100&Prime; gutter_size=\u00a0\u00bb4&Prime; style=\u00a0\u00bbdark\u00a0\u00bb overlay_alpha=\u00a0\u00bb50&Prime; shift_x=\u00a0\u00bb0&Prime; shift_y=\u00a0\u00bb0&Prime; shift_y_down=\u00a0\u00bb0&Prime; z_index=\u00a0\u00bb0&Prime; medium_width=\u00a0\u00bb0&Prime; mobile_width=\u00a0\u00bb0&Prime; width=\u00a0\u00bb1\/6&Prime; uncode_shortcode_id=\u00a0\u00bb173837&Prime;][vc_custom_heading text_color=\u00a0\u00bbaccent\u00a0\u00bb text_weight=\u00a0\u00bb600&Prime; uncode_shortcode_id=\u00a0\u00bb100028&Prime; text_color_type=\u00a0\u00bbuncode-palette\u00a0\u00bb]En quoi consiste-t-il?[\/vc_custom_heading][\/vc_column][vc_column column_width_percent=\u00a0\u00bb85&Prime; position_horizontal=\u00a0\u00bbleft\u00a0\u00bb gutter_size=\u00a0\u00bb2&Prime; overlay_alpha=\u00a0\u00bb50&Prime; shift_x=\u00a0\u00bb0&Prime; shift_y=\u00a0\u00bb0&Prime; shift_y_down=\u00a0\u00bb0&Prime; z_index=\u00a0\u00bb0&Prime; medium_width=\u00a0\u00bb0&Prime; mobile_width=\u00a0\u00bb0&Prime; width=\u00a0\u00bb5\/6&Prime; uncode_shortcode_id=\u00a0\u00bb173225&Prime;][vc_custom_heading heading_semantic=\u00a0\u00bbh3&Prime; text_size=\u00a0\u00bbh3&Prime; text_weight=\u00a0\u00bb400&Prime; uncode_shortcode_id=\u00a0\u00bb166892&Prime;]<\/p>\n<div class=\"traductor-textarea form-group\">\n<div class=\"textarea-desti col-xs-12 col-sm-6\">\n<div class=\"form-control second-textarea\">MOFIM (Motivation, Orientation, Formation, Insertion, Mentorat) est un projet d\u2019insertion professionnelle d\u2019une dur\u00e9e de 4 ans, destin\u00e9 aux jeunes des quartiers pr\u00e9caires de la banlieue de Dakar.<\/div>\n<\/div>\n<\/div>\n<p>[\/vc_custom_heading][vc_custom_heading heading_semantic=\u00a0\u00bbh3&Prime; text_size=\u00a0\u00bbh3&Prime; text_weight=\u00a0\u00bb400&Prime; uncode_shortcode_id=\u00a0\u00bb477539&Prime;]<\/p>\n<div class=\"col-sm-offset-2 col-sm-5\">Le projet vise \u00e0 donner aux jeunes de Thiaroye la possibilit\u00e9 d\u2019acqu\u00e9rir de nouvelles comp\u00e9tences afin qu\u2019ils et elles se sentent capables et confiant\u00b7e\u00b7s pour entrer sur le march\u00e9 du travail. Par cons\u00e9quent, il offre \u00e0 ces jeunes la possibilit\u00e9 de b\u00e9n\u00e9ficier d\u2019une formation, de comp\u00e9tences techniques, mais aussi d\u2019un soutien dans le processus d\u2019insertion sur le march\u00e9 du travail. Il s\u2019agit d\u2019un projet pionnier qui touchera plus de cent jeunes issu\u00b7e\u00b7s de zones pr\u00e9caires au cours des quatre prochaines ann\u00e9es.<\/div>\n<p>[\/vc_custom_heading][vc_custom_heading heading_semantic=\u00a0\u00bbh3&Prime; text_size=\u00a0\u00bbh3&Prime; text_weight=\u00a0\u00bb400&Prime; uncode_shortcode_id=\u00a0\u00bb164830&Prime;]Il s\u2019inscrit dans le cadre de la formation professionnelle (\u00e9ducation), comme prolongement de la formation initiale pour acc\u00e9der au monde du travail. Le projet s\u2019adresse \u00e0 des jeunes ayant abandonn\u00e9 l\u2019universit\u00e9 pour des raisons \u00e9conomiques, personnelles ou familiales et d\u00e9sireux\u00b7ses de reprendre leurs \u00e9tudes dans le cadre d\u2019une formation professionnelle courte, en vue d\u2019exercer un m\u00e9tier.[\/vc_custom_heading][\/vc_column][\/vc_row][vc_row][vc_column width=\u00a0\u00bb1\/1&Prime;][vc_single_image media=\u00a0\u00bb6767&Prime; media_width_percent=\u00a0\u00bb100&Prime; uncode_shortcode_id=\u00a0\u00bb142894&Prime;][\/vc_column][\/vc_row]<\/p>\n<\/div>","protected":false},"excerpt":{"rendered":"[vc_row unlock_row_content=\"yes\" row_height_percent=\"0\" override_padding=\"yes\" h_padding=\"2\" top_padding=\"3\" bottom_padding=\"3\" overlay_alpha=\"90\" gutter_size=\"3\" column_width_percent=\"100\" shift_y=\"0\" z_index=\"0\" content_parallax=\"0\" uncode_shortcode_id=\"207914\"][vc_column column_width_percent=\"100\" gutter_size=\"3\" overlay_alpha=\"50\" shift_x=\"0\" shift_y=\"0\" shift_y_down=\"0\" [...]","protected":false},"author":2,"featured_media":6767,"parent":0,"menu_order":14,"comment_status":"open","ping_status":"open","template":"","meta":{"footnotes":""},"portfolio_category":[203,232,207],"class_list":["post-8295","portfolio","type-portfolio","status-publish","has-post-thumbnail","hentry","portfolio_category-developpement-global","portfolio_category-projets-deducation","portfolio_category-projets-demployabilite"],"yoast_head":"<!-- This site is optimized with the Yoast SEO plugin v27.4 - https:\/\/yoast.com\/product\/yoast-seo-wordpress\/ -->\n<title>Projet avec l\u2019Association \u00c9ducation Solidaire - Fundaci\u00f3n Privada Nous Cims<\/title>\n<meta name=\"robots\" content=\"index, follow, max-snippet:-1, max-image-preview:large, max-video-preview:-1\" \/>\n<link rel=\"canonical\" href=\"https:\/\/www.nouscims.com\/fr\/proyecto\/projet-avec-lassociation-education-solidaire-2\/\" \/>\n<meta property=\"og:locale\" content=\"fr_FR\" \/>\n<meta property=\"og:type\" content=\"article\" \/>\n<meta property=\"og:title\" content=\"Projet avec l\u2019Association \u00c9ducation Solidaire - Fundaci\u00f3n Privada Nous Cims\" \/>\n<meta property=\"og:url\" content=\"https:\/\/www.nouscims.com\/fr\/proyecto\/projet-avec-lassociation-education-solidaire-2\/\" \/>\n<meta property=\"og:site_name\" content=\"Fundaci\u00f3n Privada Nous Cims\" \/>\n<meta property=\"article:publisher\" content=\"https:\/\/www.facebook.com\/nouscims\" \/>\n<meta property=\"article:modified_time\" content=\"2025-11-05T11:04:26+00:00\" \/>\n<meta property=\"og:image\" content=\"https:\/\/www.nouscims.com\/wp-content\/uploads\/2022\/11\/mofim.jpg\" \/>\n\t<meta property=\"og:image:width\" content=\"1008\" \/>\n\t<meta property=\"og:image:height\" content=\"756\" \/>\n\t<meta property=\"og:image:type\" content=\"image\/jpeg\" \/>\n<meta name=\"twitter:card\" content=\"summary_large_image\" \/>\n<meta name=\"twitter:site\" content=\"@nouscims\" \/>\n<meta name=\"twitter:label1\" content=\"Dur\u00e9e de lecture estim\u00e9e\" \/>\n\t<meta name=\"twitter:data1\" content=\"2 minutes\" \/>\n<script type=\"application\/ld+json\" class=\"yoast-schema-graph\">{\"@context\":\"https:\\\/\\\/schema.org\",\"@graph\":[{\"@type\":\"WebPage\",\"@id\":\"https:\\\/\\\/www.nouscims.com\\\/fr\\\/proyecto\\\/projet-avec-lassociation-education-solidaire-2\\\/\",\"url\":\"https:\\\/\\\/www.nouscims.com\\\/fr\\\/proyecto\\\/projet-avec-lassociation-education-solidaire-2\\\/\",\"name\":\"Projet avec l\u2019Association \u00c9ducation Solidaire - Fundaci\u00f3n Privada Nous Cims\",\"isPartOf\":{\"@id\":\"https:\\\/\\\/www.nouscims.com\\\/fr\\\/#website\"},\"primaryImageOfPage\":{\"@id\":\"https:\\\/\\\/www.nouscims.com\\\/fr\\\/proyecto\\\/projet-avec-lassociation-education-solidaire-2\\\/#primaryimage\"},\"image\":{\"@id\":\"https:\\\/\\\/www.nouscims.com\\\/fr\\\/proyecto\\\/projet-avec-lassociation-education-solidaire-2\\\/#primaryimage\"},\"thumbnailUrl\":\"https:\\\/\\\/www.nouscims.com\\\/wp-content\\\/uploads\\\/2022\\\/11\\\/mofim.jpg\",\"datePublished\":\"2023-09-05T15:00:07+00:00\",\"dateModified\":\"2025-11-05T11:04:26+00:00\",\"breadcrumb\":{\"@id\":\"https:\\\/\\\/www.nouscims.com\\\/fr\\\/proyecto\\\/projet-avec-lassociation-education-solidaire-2\\\/#breadcrumb\"},\"inLanguage\":\"fr-FR\",\"potentialAction\":[{\"@type\":\"ReadAction\",\"target\":[\"https:\\\/\\\/www.nouscims.com\\\/fr\\\/proyecto\\\/projet-avec-lassociation-education-solidaire-2\\\/\"]}]},{\"@type\":\"ImageObject\",\"inLanguage\":\"fr-FR\",\"@id\":\"https:\\\/\\\/www.nouscims.com\\\/fr\\\/proyecto\\\/projet-avec-lassociation-education-solidaire-2\\\/#primaryimage\",\"url\":\"https:\\\/\\\/www.nouscims.com\\\/wp-content\\\/uploads\\\/2022\\\/11\\\/mofim.jpg\",\"contentUrl\":\"https:\\\/\\\/www.nouscims.com\\\/wp-content\\\/uploads\\\/2022\\\/11\\\/mofim.jpg\",\"width\":1008,\"height\":756},{\"@type\":\"BreadcrumbList\",\"@id\":\"https:\\\/\\\/www.nouscims.com\\\/fr\\\/proyecto\\\/projet-avec-lassociation-education-solidaire-2\\\/#breadcrumb\",\"itemListElement\":[{\"@type\":\"ListItem\",\"position\":1,\"name\":\"Portada\",\"item\":\"https:\\\/\\\/www.nouscims.com\\\/fr\\\/\"},{\"@type\":\"ListItem\",\"position\":2,\"name\":\"Proyectos\",\"item\":\"https:\\\/\\\/www.nouscims.com\\\/fr\\\/proyecto\\\/\"},{\"@type\":\"ListItem\",\"position\":3,\"name\":\"Projet avec l\u2019Association \u00c9ducation Solidaire\"}]},{\"@type\":\"WebSite\",\"@id\":\"https:\\\/\\\/www.nouscims.com\\\/fr\\\/#website\",\"url\":\"https:\\\/\\\/www.nouscims.com\\\/fr\\\/\",\"name\":\"Fundaci\u00f3n Privada Nous Cims\",\"description\":\"Impulsamos y desarrollamos proyectos de innovaci\u00f3n social\",\"potentialAction\":[{\"@type\":\"SearchAction\",\"target\":{\"@type\":\"EntryPoint\",\"urlTemplate\":\"https:\\\/\\\/www.nouscims.com\\\/fr\\\/?s={search_term_string}\"},\"query-input\":{\"@type\":\"PropertyValueSpecification\",\"valueRequired\":true,\"valueName\":\"search_term_string\"}}],\"inLanguage\":\"fr-FR\"}]}<\/script>\n<!-- \/ Yoast SEO plugin. -->","yoast_head_json":{"title":"Projet avec l\u2019Association \u00c9ducation Solidaire - Fundaci\u00f3n Privada Nous Cims","robots":{"index":"index","follow":"follow","max-snippet":"max-snippet:-1","max-image-preview":"max-image-preview:large","max-video-preview":"max-video-preview:-1"},"canonical":"https:\/\/www.nouscims.com\/fr\/proyecto\/projet-avec-lassociation-education-solidaire-2\/","og_locale":"fr_FR","og_type":"article","og_title":"Projet avec l\u2019Association \u00c9ducation Solidaire - Fundaci\u00f3n Privada Nous Cims","og_url":"https:\/\/www.nouscims.com\/fr\/proyecto\/projet-avec-lassociation-education-solidaire-2\/","og_site_name":"Fundaci\u00f3n Privada Nous Cims","article_publisher":"https:\/\/www.facebook.com\/nouscims","article_modified_time":"2025-11-05T11:04:26+00:00","og_image":[{"width":1008,"height":756,"url":"https:\/\/www.nouscims.com\/wp-content\/uploads\/2022\/11\/mofim.jpg","type":"image\/jpeg"}],"twitter_card":"summary_large_image","twitter_site":"@nouscims","twitter_misc":{"Dur\u00e9e de lecture estim\u00e9e":"2 minutes"},"schema":{"@context":"https:\/\/schema.org","@graph":[{"@type":"WebPage","@id":"https:\/\/www.nouscims.com\/fr\/proyecto\/projet-avec-lassociation-education-solidaire-2\/","url":"https:\/\/www.nouscims.com\/fr\/proyecto\/projet-avec-lassociation-education-solidaire-2\/","name":"Projet avec l\u2019Association \u00c9ducation Solidaire - Fundaci\u00f3n Privada Nous Cims","isPartOf":{"@id":"https:\/\/www.nouscims.com\/fr\/#website"},"primaryImageOfPage":{"@id":"https:\/\/www.nouscims.com\/fr\/proyecto\/projet-avec-lassociation-education-solidaire-2\/#primaryimage"},"image":{"@id":"https:\/\/www.nouscims.com\/fr\/proyecto\/projet-avec-lassociation-education-solidaire-2\/#primaryimage"},"thumbnailUrl":"https:\/\/www.nouscims.com\/wp-content\/uploads\/2022\/11\/mofim.jpg","datePublished":"2023-09-05T15:00:07+00:00","dateModified":"2025-11-05T11:04:26+00:00","breadcrumb":{"@id":"https:\/\/www.nouscims.com\/fr\/proyecto\/projet-avec-lassociation-education-solidaire-2\/#breadcrumb"},"inLanguage":"fr-FR","potentialAction":[{"@type":"ReadAction","target":["https:\/\/www.nouscims.com\/fr\/proyecto\/projet-avec-lassociation-education-solidaire-2\/"]}]},{"@type":"ImageObject","inLanguage":"fr-FR","@id":"https:\/\/www.nouscims.com\/fr\/proyecto\/projet-avec-lassociation-education-solidaire-2\/#primaryimage","url":"https:\/\/www.nouscims.com\/wp-content\/uploads\/2022\/11\/mofim.jpg","contentUrl":"https:\/\/www.nouscims.com\/wp-content\/uploads\/2022\/11\/mofim.jpg","width":1008,"height":756},{"@type":"BreadcrumbList","@id":"https:\/\/www.nouscims.com\/fr\/proyecto\/projet-avec-lassociation-education-solidaire-2\/#breadcrumb","itemListElement":[{"@type":"ListItem","position":1,"name":"Portada","item":"https:\/\/www.nouscims.com\/fr\/"},{"@type":"ListItem","position":2,"name":"Proyectos","item":"https:\/\/www.nouscims.com\/fr\/proyecto\/"},{"@type":"ListItem","position":3,"name":"Projet avec l\u2019Association \u00c9ducation Solidaire"}]},{"@type":"WebSite","@id":"https:\/\/www.nouscims.com\/fr\/#website","url":"https:\/\/www.nouscims.com\/fr\/","name":"Fundaci\u00f3n Privada Nous Cims","description":"Impulsamos y desarrollamos proyectos de innovaci\u00f3n social","potentialAction":[{"@type":"SearchAction","target":{"@type":"EntryPoint","urlTemplate":"https:\/\/www.nouscims.com\/fr\/?s={search_term_string}"},"query-input":{"@type":"PropertyValueSpecification","valueRequired":true,"valueName":"search_term_string"}}],"inLanguage":"fr-FR"}]}},"_links":{"self":[{"href":"https:\/\/www.nouscims.com\/fr\/wp-json\/wp\/v2\/portfolio\/8295","targetHints":{"allow":["GET"]}}],"collection":[{"href":"https:\/\/www.nouscims.com\/fr\/wp-json\/wp\/v2\/portfolio"}],"about":[{"href":"https:\/\/www.nouscims.com\/fr\/wp-json\/wp\/v2\/types\/portfolio"}],"author":[{"embeddable":true,"href":"https:\/\/www.nouscims.com\/fr\/wp-json\/wp\/v2\/users\/2"}],"replies":[{"embeddable":true,"href":"https:\/\/www.nouscims.com\/fr\/wp-json\/wp\/v2\/comments?post=8295"}],"version-history":[{"count":5,"href":"https:\/\/www.nouscims.com\/fr\/wp-json\/wp\/v2\/portfolio\/8295\/revisions"}],"predecessor-version":[{"id":12799,"href":"https:\/\/www.nouscims.com\/fr\/wp-json\/wp\/v2\/portfolio\/8295\/revisions\/12799"}],"wp:featuredmedia":[{"embeddable":true,"href":"https:\/\/www.nouscims.com\/fr\/wp-json\/wp\/v2\/media\/6767"}],"wp:attachment":[{"href":"https:\/\/www.nouscims.com\/fr\/wp-json\/wp\/v2\/media?parent=8295"}],"wp:term":[{"taxonomy":"portfolio_category","embeddable":true,"href":"https:\/\/www.nouscims.com\/fr\/wp-json\/wp\/v2\/portfolio_category?post=8295"}],"curies":[{"name":"wp","href":"https:\/\/api.w.org\/{rel}","templated":true}]}}