{"id":8268,"date":"2023-09-05T14:48:23","date_gmt":"2023-09-05T12:48:23","guid":{"rendered":"https:\/\/www.nouscims.com\/proyecto\/projet-avec-losc-environement-vie-eau\/"},"modified":"2025-11-06T10:43:53","modified_gmt":"2025-11-06T09:43:53","slug":"projet-avec-losc-environement-vie-eau","status":"publish","type":"portfolio","link":"https:\/\/www.nouscims.com\/fr\/proyecto\/projet-avec-losc-environement-vie-eau\/","title":{"rendered":"Projet avec l\u2019OSC Environement-Vie-Eau"},"content":{"rendered":"<div class=\"wpb-content-wrapper\"><p>[vc_row unlock_row_content=\u00a0\u00bbyes\u00a0\u00bb row_height_percent=\u00a0\u00bb0&Prime; override_padding=\u00a0\u00bbyes\u00a0\u00bb h_padding=\u00a0\u00bb2&Prime; top_padding=\u00a0\u00bb3&Prime; bottom_padding=\u00a0\u00bb3&Prime; overlay_alpha=\u00a0\u00bb90&Prime; gutter_size=\u00a0\u00bb3&Prime; column_width_percent=\u00a0\u00bb100&Prime; shift_y=\u00a0\u00bb0&Prime; z_index=\u00a0\u00bb0&Prime; content_parallax=\u00a0\u00bb0&Prime; uncode_shortcode_id=\u00a0\u00bb207914&Prime;][vc_column column_width_percent=\u00a0\u00bb100&Prime; gutter_size=\u00a0\u00bb3&Prime; overlay_alpha=\u00a0\u00bb50&Prime; shift_x=\u00a0\u00bb0&Prime; shift_y=\u00a0\u00bb0&Prime; shift_y_down=\u00a0\u00bb0&Prime; z_index=\u00a0\u00bb0&Prime; medium_width=\u00a0\u00bb0&Prime; mobile_width=\u00a0\u00bb0&Prime; width=\u00a0\u00bb1\/1&Prime; uncode_shortcode_id=\u00a0\u00bb196735&Prime;][vc_custom_heading text_size=\u00a0\u00bbfontsize-182147&Prime; text_weight=\u00a0\u00bb500&Prime; uncode_shortcode_id=\u00a0\u00bb101843&Prime;]Projet avec l\u2019OSC Environement-Vie-Eau[\/vc_custom_heading][\/vc_column][\/vc_row][vc_row unlock_row_content=\u00a0\u00bbyes\u00a0\u00bb row_height_percent=\u00a0\u00bb0&Prime; override_padding=\u00a0\u00bbyes\u00a0\u00bb h_padding=\u00a0\u00bb2&Prime; top_padding=\u00a0\u00bb0&Prime; bottom_padding=\u00a0\u00bb2&Prime; overlay_alpha=\u00a0\u00bb90&Prime; gutter_size=\u00a0\u00bb3&Prime; column_width_percent=\u00a0\u00bb100&Prime; shift_y=\u00a0\u00bb0&Prime; z_index=\u00a0\u00bb0&Prime; content_parallax=\u00a0\u00bb0&Prime; uncode_shortcode_id=\u00a0\u00bb612478&Prime;][vc_column column_width_percent=\u00a0\u00bb100&Prime; gutter_size=\u00a0\u00bb4&Prime; style=\u00a0\u00bbdark\u00a0\u00bb overlay_alpha=\u00a0\u00bb50&Prime; shift_x=\u00a0\u00bb0&Prime; shift_y=\u00a0\u00bb0&Prime; shift_y_down=\u00a0\u00bb0&Prime; z_index=\u00a0\u00bb0&Prime; medium_width=\u00a0\u00bb0&Prime; mobile_width=\u00a0\u00bb0&Prime; width=\u00a0\u00bb1\/6&Prime; uncode_shortcode_id=\u00a0\u00bb173837&Prime;][vc_custom_heading text_color=\u00a0\u00bbaccent\u00a0\u00bb text_weight=\u00a0\u00bb600&Prime; uncode_shortcode_id=\u00a0\u00bb189361&Prime; text_color_type=\u00a0\u00bbuncode-palette\u00a0\u00bb]En quoi consiste-t-il?[\/vc_custom_heading][\/vc_column][vc_column column_width_percent=\u00a0\u00bb85&Prime; position_horizontal=\u00a0\u00bbleft\u00a0\u00bb gutter_size=\u00a0\u00bb2&Prime; overlay_alpha=\u00a0\u00bb50&Prime; shift_x=\u00a0\u00bb0&Prime; shift_y=\u00a0\u00bb0&Prime; shift_y_down=\u00a0\u00bb0&Prime; z_index=\u00a0\u00bb0&Prime; medium_width=\u00a0\u00bb0&Prime; mobile_width=\u00a0\u00bb0&Prime; width=\u00a0\u00bb5\/6&Prime; uncode_shortcode_id=\u00a0\u00bb173225&Prime;][vc_custom_heading heading_semantic=\u00a0\u00bbh3&Prime; text_size=\u00a0\u00bbh3&Prime; text_weight=\u00a0\u00bb400&Prime; uncode_shortcode_id=\u00a0\u00bb252701&Prime;]Le projet, d\u2019une dur\u00e9e de 3\u00a0ans, vise \u00e0 am\u00e9liorer l\u2019\u00e9tat nutritionnel des enfants, des adolescent\u00b7e\u00b7s, des femmes enceintes et allaitantes du d\u00e9partement de Pikine.[\/vc_custom_heading][vc_custom_heading heading_semantic=\u00a0\u00bbh3&Prime; text_size=\u00a0\u00bbh3&Prime; text_weight=\u00a0\u00bb400&Prime; uncode_shortcode_id=\u00a0\u00bb853026&Prime;]Pour ce faire, diff\u00e9rents aspects seront abord\u00e9s en vue d\u2019atteindre trois r\u00e9sultats cl\u00e9s\u00a0:<\/p>\n<ol>\n<li>La redynamisation et l\u2019am\u00e9lioration du fonctionnement des dispositifs de pr\u00e9vention et de prise en charge communautaire et clinique de la d\u00e9nutrition dans le d\u00e9partement de Pikine. Ainsi que la mise en place de Foyers d\u2019apprentissage, de r\u00e9habilitation nutritionnelle et d\u2019\u00e9veil (FARNE) pour prendre en charge des cas d\u00e9tect\u00e9s d\u2019enfants souffrant de malnutrition aigu\u00eb mod\u00e9r\u00e9e (MAM).<\/li>\n<li>Promouvoir un comportement alimentaire et nutritionnel ad\u00e9quat aupr\u00e8s des habitant\u00b7e\u00b7s du d\u00e9partement de Pikine.<\/li>\n<li>Renforcer l\u2019engagement, la coordination et la synergie des acteur\u00b7rice\u00b7s communautaires en faveur de la nutrition.<\/li>\n<\/ol>\n<p>[\/vc_custom_heading][vc_custom_heading heading_semantic=\u00a0\u00bbh3&Prime; text_size=\u00a0\u00bbh3&Prime; text_weight=\u00a0\u00bb400&Prime; uncode_shortcode_id=\u00a0\u00bb778963&Prime;]Et enfin, promouvoir la consommation d\u2019aliments diversifi\u00e9s, sains et nutritifs aupr\u00e8s des habitant\u00b7e\u00b7s du d\u00e9partement de Pikine.[\/vc_custom_heading][\/vc_column][\/vc_row][vc_row][vc_column width=\u00a0\u00bb1\/1&Prime;][vc_single_image media=\u00a0\u00bb6654&Prime; media_width_percent=\u00a0\u00bb100&Prime; uncode_shortcode_id=\u00a0\u00bb179559&Prime;][\/vc_column][\/vc_row]<\/p>\n<\/div>","protected":false},"excerpt":{"rendered":"[vc_row unlock_row_content=\"yes\" row_height_percent=\"0\" override_padding=\"yes\" h_padding=\"2\" top_padding=\"3\" bottom_padding=\"3\" overlay_alpha=\"90\" gutter_size=\"3\" column_width_percent=\"100\" shift_y=\"0\" z_index=\"0\" content_parallax=\"0\" uncode_shortcode_id=\"207914\"][vc_column column_width_percent=\"100\" gutter_size=\"3\" overlay_alpha=\"50\" shift_x=\"0\" shift_y=\"0\" shift_y_down=\"0\" [...]","protected":false},"author":2,"featured_media":6654,"parent":0,"menu_order":85,"comment_status":"open","ping_status":"open","template":"","meta":{"footnotes":""},"portfolio_category":[203,204],"class_list":["post-8268","portfolio","type-portfolio","status-publish","has-post-thumbnail","hentry","portfolio_category-developpement-global","portfolio_category-projets-de-nutrition"],"yoast_head":"<!-- This site is optimized with the Yoast SEO plugin v27.4 - https:\/\/yoast.com\/product\/yoast-seo-wordpress\/ -->\n<title>Projet avec l\u2019OSC Environement-Vie-Eau - Fundaci\u00f3n Privada Nous Cims<\/title>\n<meta name=\"robots\" content=\"index, follow, max-snippet:-1, max-image-preview:large, max-video-preview:-1\" \/>\n<link rel=\"canonical\" href=\"https:\/\/www.nouscims.com\/fr\/proyecto\/projet-avec-losc-environement-vie-eau\/\" \/>\n<meta property=\"og:locale\" content=\"fr_FR\" \/>\n<meta property=\"og:type\" content=\"article\" \/>\n<meta property=\"og:title\" content=\"Projet avec l\u2019OSC Environement-Vie-Eau - Fundaci\u00f3n Privada Nous Cims\" \/>\n<meta property=\"og:url\" content=\"https:\/\/www.nouscims.com\/fr\/proyecto\/projet-avec-losc-environement-vie-eau\/\" \/>\n<meta property=\"og:site_name\" content=\"Fundaci\u00f3n Privada Nous Cims\" \/>\n<meta property=\"article:publisher\" content=\"https:\/\/www.facebook.com\/nouscims\" \/>\n<meta property=\"article:modified_time\" content=\"2025-11-06T09:43:53+00:00\" \/>\n<meta property=\"og:image\" content=\"https:\/\/www.nouscims.com\/wp-content\/uploads\/2022\/11\/EVE.jpg\" \/>\n\t<meta property=\"og:image:width\" content=\"2048\" \/>\n\t<meta property=\"og:image:height\" content=\"1152\" \/>\n\t<meta property=\"og:image:type\" content=\"image\/jpeg\" \/>\n<meta name=\"twitter:card\" content=\"summary_large_image\" \/>\n<meta name=\"twitter:site\" content=\"@nouscims\" \/>\n<meta name=\"twitter:label1\" content=\"Dur\u00e9e de lecture estim\u00e9e\" \/>\n\t<meta name=\"twitter:data1\" content=\"1 minute\" \/>\n<script type=\"application\/ld+json\" class=\"yoast-schema-graph\">{\"@context\":\"https:\\\/\\\/schema.org\",\"@graph\":[{\"@type\":\"WebPage\",\"@id\":\"https:\\\/\\\/www.nouscims.com\\\/fr\\\/proyecto\\\/projet-avec-losc-environement-vie-eau\\\/\",\"url\":\"https:\\\/\\\/www.nouscims.com\\\/fr\\\/proyecto\\\/projet-avec-losc-environement-vie-eau\\\/\",\"name\":\"Projet avec l\u2019OSC Environement-Vie-Eau - Fundaci\u00f3n Privada Nous Cims\",\"isPartOf\":{\"@id\":\"https:\\\/\\\/www.nouscims.com\\\/fr\\\/#website\"},\"primaryImageOfPage\":{\"@id\":\"https:\\\/\\\/www.nouscims.com\\\/fr\\\/proyecto\\\/projet-avec-losc-environement-vie-eau\\\/#primaryimage\"},\"image\":{\"@id\":\"https:\\\/\\\/www.nouscims.com\\\/fr\\\/proyecto\\\/projet-avec-losc-environement-vie-eau\\\/#primaryimage\"},\"thumbnailUrl\":\"https:\\\/\\\/www.nouscims.com\\\/wp-content\\\/uploads\\\/2022\\\/11\\\/EVE.jpg\",\"datePublished\":\"2023-09-05T12:48:23+00:00\",\"dateModified\":\"2025-11-06T09:43:53+00:00\",\"breadcrumb\":{\"@id\":\"https:\\\/\\\/www.nouscims.com\\\/fr\\\/proyecto\\\/projet-avec-losc-environement-vie-eau\\\/#breadcrumb\"},\"inLanguage\":\"fr-FR\",\"potentialAction\":[{\"@type\":\"ReadAction\",\"target\":[\"https:\\\/\\\/www.nouscims.com\\\/fr\\\/proyecto\\\/projet-avec-losc-environement-vie-eau\\\/\"]}]},{\"@type\":\"ImageObject\",\"inLanguage\":\"fr-FR\",\"@id\":\"https:\\\/\\\/www.nouscims.com\\\/fr\\\/proyecto\\\/projet-avec-losc-environement-vie-eau\\\/#primaryimage\",\"url\":\"https:\\\/\\\/www.nouscims.com\\\/wp-content\\\/uploads\\\/2022\\\/11\\\/EVE.jpg\",\"contentUrl\":\"https:\\\/\\\/www.nouscims.com\\\/wp-content\\\/uploads\\\/2022\\\/11\\\/EVE.jpg\",\"width\":2048,\"height\":1152},{\"@type\":\"BreadcrumbList\",\"@id\":\"https:\\\/\\\/www.nouscims.com\\\/fr\\\/proyecto\\\/projet-avec-losc-environement-vie-eau\\\/#breadcrumb\",\"itemListElement\":[{\"@type\":\"ListItem\",\"position\":1,\"name\":\"Portada\",\"item\":\"https:\\\/\\\/www.nouscims.com\\\/fr\\\/\"},{\"@type\":\"ListItem\",\"position\":2,\"name\":\"Proyectos\",\"item\":\"https:\\\/\\\/www.nouscims.com\\\/fr\\\/proyecto\\\/\"},{\"@type\":\"ListItem\",\"position\":3,\"name\":\"Projet avec l\u2019OSC Environement-Vie-Eau\"}]},{\"@type\":\"WebSite\",\"@id\":\"https:\\\/\\\/www.nouscims.com\\\/fr\\\/#website\",\"url\":\"https:\\\/\\\/www.nouscims.com\\\/fr\\\/\",\"name\":\"Fundaci\u00f3n Privada Nous Cims\",\"description\":\"Impulsamos y desarrollamos proyectos de innovaci\u00f3n social\",\"potentialAction\":[{\"@type\":\"SearchAction\",\"target\":{\"@type\":\"EntryPoint\",\"urlTemplate\":\"https:\\\/\\\/www.nouscims.com\\\/fr\\\/?s={search_term_string}\"},\"query-input\":{\"@type\":\"PropertyValueSpecification\",\"valueRequired\":true,\"valueName\":\"search_term_string\"}}],\"inLanguage\":\"fr-FR\"}]}<\/script>\n<!-- \/ Yoast SEO plugin. -->","yoast_head_json":{"title":"Projet avec l\u2019OSC Environement-Vie-Eau - Fundaci\u00f3n Privada Nous Cims","robots":{"index":"index","follow":"follow","max-snippet":"max-snippet:-1","max-image-preview":"max-image-preview:large","max-video-preview":"max-video-preview:-1"},"canonical":"https:\/\/www.nouscims.com\/fr\/proyecto\/projet-avec-losc-environement-vie-eau\/","og_locale":"fr_FR","og_type":"article","og_title":"Projet avec l\u2019OSC Environement-Vie-Eau - Fundaci\u00f3n Privada Nous Cims","og_url":"https:\/\/www.nouscims.com\/fr\/proyecto\/projet-avec-losc-environement-vie-eau\/","og_site_name":"Fundaci\u00f3n Privada Nous Cims","article_publisher":"https:\/\/www.facebook.com\/nouscims","article_modified_time":"2025-11-06T09:43:53+00:00","og_image":[{"width":2048,"height":1152,"url":"https:\/\/www.nouscims.com\/wp-content\/uploads\/2022\/11\/EVE.jpg","type":"image\/jpeg"}],"twitter_card":"summary_large_image","twitter_site":"@nouscims","twitter_misc":{"Dur\u00e9e de lecture estim\u00e9e":"1 minute"},"schema":{"@context":"https:\/\/schema.org","@graph":[{"@type":"WebPage","@id":"https:\/\/www.nouscims.com\/fr\/proyecto\/projet-avec-losc-environement-vie-eau\/","url":"https:\/\/www.nouscims.com\/fr\/proyecto\/projet-avec-losc-environement-vie-eau\/","name":"Projet avec l\u2019OSC Environement-Vie-Eau - Fundaci\u00f3n Privada Nous Cims","isPartOf":{"@id":"https:\/\/www.nouscims.com\/fr\/#website"},"primaryImageOfPage":{"@id":"https:\/\/www.nouscims.com\/fr\/proyecto\/projet-avec-losc-environement-vie-eau\/#primaryimage"},"image":{"@id":"https:\/\/www.nouscims.com\/fr\/proyecto\/projet-avec-losc-environement-vie-eau\/#primaryimage"},"thumbnailUrl":"https:\/\/www.nouscims.com\/wp-content\/uploads\/2022\/11\/EVE.jpg","datePublished":"2023-09-05T12:48:23+00:00","dateModified":"2025-11-06T09:43:53+00:00","breadcrumb":{"@id":"https:\/\/www.nouscims.com\/fr\/proyecto\/projet-avec-losc-environement-vie-eau\/#breadcrumb"},"inLanguage":"fr-FR","potentialAction":[{"@type":"ReadAction","target":["https:\/\/www.nouscims.com\/fr\/proyecto\/projet-avec-losc-environement-vie-eau\/"]}]},{"@type":"ImageObject","inLanguage":"fr-FR","@id":"https:\/\/www.nouscims.com\/fr\/proyecto\/projet-avec-losc-environement-vie-eau\/#primaryimage","url":"https:\/\/www.nouscims.com\/wp-content\/uploads\/2022\/11\/EVE.jpg","contentUrl":"https:\/\/www.nouscims.com\/wp-content\/uploads\/2022\/11\/EVE.jpg","width":2048,"height":1152},{"@type":"BreadcrumbList","@id":"https:\/\/www.nouscims.com\/fr\/proyecto\/projet-avec-losc-environement-vie-eau\/#breadcrumb","itemListElement":[{"@type":"ListItem","position":1,"name":"Portada","item":"https:\/\/www.nouscims.com\/fr\/"},{"@type":"ListItem","position":2,"name":"Proyectos","item":"https:\/\/www.nouscims.com\/fr\/proyecto\/"},{"@type":"ListItem","position":3,"name":"Projet avec l\u2019OSC Environement-Vie-Eau"}]},{"@type":"WebSite","@id":"https:\/\/www.nouscims.com\/fr\/#website","url":"https:\/\/www.nouscims.com\/fr\/","name":"Fundaci\u00f3n Privada Nous Cims","description":"Impulsamos y desarrollamos proyectos de innovaci\u00f3n social","potentialAction":[{"@type":"SearchAction","target":{"@type":"EntryPoint","urlTemplate":"https:\/\/www.nouscims.com\/fr\/?s={search_term_string}"},"query-input":{"@type":"PropertyValueSpecification","valueRequired":true,"valueName":"search_term_string"}}],"inLanguage":"fr-FR"}]}},"_links":{"self":[{"href":"https:\/\/www.nouscims.com\/fr\/wp-json\/wp\/v2\/portfolio\/8268","targetHints":{"allow":["GET"]}}],"collection":[{"href":"https:\/\/www.nouscims.com\/fr\/wp-json\/wp\/v2\/portfolio"}],"about":[{"href":"https:\/\/www.nouscims.com\/fr\/wp-json\/wp\/v2\/types\/portfolio"}],"author":[{"embeddable":true,"href":"https:\/\/www.nouscims.com\/fr\/wp-json\/wp\/v2\/users\/2"}],"replies":[{"embeddable":true,"href":"https:\/\/www.nouscims.com\/fr\/wp-json\/wp\/v2\/comments?post=8268"}],"version-history":[{"count":5,"href":"https:\/\/www.nouscims.com\/fr\/wp-json\/wp\/v2\/portfolio\/8268\/revisions"}],"predecessor-version":[{"id":12986,"href":"https:\/\/www.nouscims.com\/fr\/wp-json\/wp\/v2\/portfolio\/8268\/revisions\/12986"}],"wp:featuredmedia":[{"embeddable":true,"href":"https:\/\/www.nouscims.com\/fr\/wp-json\/wp\/v2\/media\/6654"}],"wp:attachment":[{"href":"https:\/\/www.nouscims.com\/fr\/wp-json\/wp\/v2\/media?parent=8268"}],"wp:term":[{"taxonomy":"portfolio_category","embeddable":true,"href":"https:\/\/www.nouscims.com\/fr\/wp-json\/wp\/v2\/portfolio_category?post=8268"}],"curies":[{"name":"wp","href":"https:\/\/api.w.org\/{rel}","templated":true}]}}