{"id":2976,"date":"2020-01-30T18:24:16","date_gmt":"2020-01-30T17:24:16","guid":{"rendered":"https:\/\/www.nouscims.com\/mentions-legales\/"},"modified":"2026-01-12T16:57:02","modified_gmt":"2026-01-12T15:57:02","slug":"mentions-legales","status":"publish","type":"page","link":"https:\/\/www.nouscims.com\/fr\/mentions-legales\/","title":{"rendered":"Mentions L\u00e9gales"},"content":{"rendered":"<div class=\"wpb-content-wrapper\"><p>[vc_row unlock_row_content=\u00a0\u00bbyes\u00a0\u00bb row_height_percent=\u00a0\u00bb0&Prime; override_padding=\u00a0\u00bbyes\u00a0\u00bb h_padding=\u00a0\u00bb2&Prime; top_padding=\u00a0\u00bb4&Prime; bottom_padding=\u00a0\u00bb4&Prime; overlay_alpha=\u00a0\u00bb90&Prime; gutter_size=\u00a0\u00bb3&Prime; column_width_percent=\u00a0\u00bb100&Prime; shift_y=\u00a0\u00bb0&Prime; z_index=\u00a0\u00bb0&Prime; content_parallax=\u00a0\u00bb0&Prime; uncode_shortcode_id=\u00a0\u00bb133558&Prime;][vc_column column_width_percent=\u00a0\u00bb100&Prime; gutter_size=\u00a0\u00bb4&Prime; style=\u00a0\u00bbdark\u00a0\u00bb overlay_alpha=\u00a0\u00bb50&Prime; shift_x=\u00a0\u00bb0&Prime; shift_y=\u00a0\u00bb0&Prime; shift_y_down=\u00a0\u00bb0&Prime; z_index=\u00a0\u00bb0&Prime; medium_width=\u00a0\u00bb0&Prime; mobile_width=\u00a0\u00bb0&Prime; width=\u00a0\u00bb1\/6&Prime; uncode_shortcode_id=\u00a0\u00bb173837&Prime;][vc_custom_heading text_color=\u00a0\u00bbaccent\u00a0\u00bb text_weight=\u00a0\u00bb600&Prime; uncode_shortcode_id=\u00a0\u00bb126234&Prime; text_color_type=\u00a0\u00bbuncode-palette\u00a0\u00bb]Mentions l\u00e9gales[\/vc_custom_heading][\/vc_column][vc_column column_width_percent=\u00a0\u00bb85&Prime; position_horizontal=\u00a0\u00bbleft\u00a0\u00bb gutter_size=\u00a0\u00bb3&Prime; overlay_alpha=\u00a0\u00bb50&Prime; shift_x=\u00a0\u00bb0&Prime; shift_y=\u00a0\u00bb0&Prime; shift_y_down=\u00a0\u00bb0&Prime; z_index=\u00a0\u00bb0&Prime; medium_width=\u00a0\u00bb0&Prime; mobile_width=\u00a0\u00bb0&Prime; width=\u00a0\u00bb5\/6&Prime; uncode_shortcode_id=\u00a0\u00bb557205&Prime;][vc_column_text]La FONDATION PRIV\u00c9E NOUS CIMS, ci-apr\u00e8s d\u00e9nomm\u00e9e \u00ab Nous Cims \u00bb, vous souhaite la bienvenue sur le site web de Nous Cims (le \u00ab Site web \u00bb). Nous Cims est une fondation priv\u00e9e \u00e0 but non lucratif dont le si\u00e8ge social est situ\u00e9 c\/Enten\u00e7a, 332-334, 7e \u00e9tage, 08029 Barcelone, Espagne, num\u00e9ro d&rsquo;identification fiscale G-66621350. Vous pouvez nous contacter par t\u00e9l\u00e9phone au 677 92 02 50 ou par e-mail \u00e0 l&rsquo;adresse <a href=\"mailto:hola@nouscims.com\">hola@nouscims.com<\/a><\/p>\n<p>Nous Cims est inscrite au Registre des fondations de la Generalitat de Catalunya (Direction g\u00e9n\u00e9rale du droit et des entit\u00e9s juridiques) sous le num\u00e9ro d&rsquo;enregistrement 2937.<\/p>\n<p><strong>1.- OBJET<\/strong><\/p>\n<p>Nous Cims, en tant que responsable du site Web, met \u00e0 la disposition des utilisateurs le pr\u00e9sent document qui r\u00e9git l&rsquo;utilisation de nouscims. dev.netsenselabs.es, afin de nous conformer aux obligations pr\u00e9vues par la loi 34\/2002 relative aux services de la soci\u00e9t\u00e9 de l&rsquo;information et au commerce \u00e9lectronique (LSSICE ou LSSI), et d&rsquo;informer tous les utilisateurs du site web de ses conditions d&rsquo;utilisation.<\/p>\n<p>Gr\u00e2ce \u00e0 son site web, Nous Cims facilite l&rsquo;acc\u00e8s et l&rsquo;utilisation par les utilisateurs de diff\u00e9rents services et contenus relatifs \u00e0 la Fondation et \u00e0 ses activit\u00e9s, mis \u00e0 disposition sur le site web. L&rsquo;acc\u00e8s et l&rsquo;utilisation de certains services peuvent n\u00e9cessiter l&rsquo;inscription pr\u00e9alable en tant que membre du site web.<\/p>\n<p>Toute personne acc\u00e9dant \u00e0 ce site web assume le r\u00f4le d&rsquo;utilisateur (ci-apr\u00e8s d\u00e9nomm\u00e9 \u00ab l&rsquo;utilisateur \u00bb) et implique l&rsquo;acceptation totale et sans r\u00e9serve de toutes et chacune des dispositions incluses dans cet avis l\u00e9gal, ainsi que de toute autre disposition l\u00e9gale applicable.<\/p>\n<p>En tant qu&rsquo;utilisateurs, vous devez lire attentivement les pr\u00e9sentes mentions l\u00e9gales \u00e0 chaque fois que vous acc\u00e9dez au site web, car celui-ci peut faire l&rsquo;objet de modifications, le prestataire se r\u00e9servant le droit de modifier tout type d&rsquo;information pouvant appara\u00eetre sur le site web, sans obligation de pr\u00e9venir ou d&rsquo;informer les utilisateurs de ces obligations, la publication sur le site web du prestataire \u00e9tant suffisante.<\/p>\n<p>La derni\u00e8re mise \u00e0 jour de cet avis l\u00e9gal a eu lieu le 25 septembre 2020.<\/p>\n<p><strong>2.- CONDITIONS D&rsquo;ACC\u00c8S ET D&rsquo;UTILISATION DU SITE WEB<\/strong><\/p>\n<p><strong>2.1. Caract\u00e8re gratuit de l&rsquo;acc\u00e8s et de l&rsquo;utilisation du site web<\/strong><\/p>\n<p>L&rsquo;acc\u00e8s et l&rsquo;utilisation de la partie publique du site Web sont gratuits pour tous les utilisateurs et ne n\u00e9cessitent aucune inscription pr\u00e9alable ni aucun enregistrement. Toutefois, la pr\u00e9sentation de certains services par la Fondation peut n\u00e9cessiter l&rsquo;enregistrement de l&rsquo;utilisateur dans les conditions d\u00e9crites ci-dessous, et apr\u00e8s acceptation de certaines conditions sp\u00e9cifiques qui d\u00e9veloppent et compl\u00e8tent le pr\u00e9sent avis l\u00e9gal.<\/p>\n<p><strong>2.2. Inscription utilisateur<\/strong><\/p>\n<p>En r\u00e8gle g\u00e9n\u00e9rale, la prestation des Services n&rsquo;exige pas la souscription pr\u00e9alable ou l&rsquo;inscription des Utilisateurs. N\u00e9anmoins, Nous Cims conditionne l&rsquo;utilisation de certains services \u00e0 la compl\u00e9tion pr\u00e9alable de l&rsquo;inscription correspondante de l&rsquo;Utilisateur. Cette inscription s&rsquo;effectuera de la mani\u00e8re express\u00e9ment indiqu\u00e9e dans la section du service concern\u00e9.<\/p>\n<p><strong>2.3. Exactitude des informations<\/strong><\/p>\n<p>Toutes les informations fournies par l&rsquo;utilisateur doivent \u00eatre v\u00e9ridiques. \u00c0 cette fin, l&rsquo;utilisateur garantit l&rsquo;authenticit\u00e9 des donn\u00e9es communiqu\u00e9es via les formulaires d&rsquo;inscription aux services. Il incombe \u00e0 l&rsquo;utilisateur de maintenir \u00e0 jour toutes les informations fournies \u00e0 Nous Cims afin qu&rsquo;elles correspondent \u00e0 tout moment \u00e0 sa situation r\u00e9elle. Dans tous les cas, l&rsquo;utilisateur sera seul responsable des d\u00e9clarations fausses ou inexactes qu&rsquo;il aura faites et des pr\u00e9judices caus\u00e9s au prestataire ou \u00e0 des tiers.<\/p>\n<p><strong>2.4. Mineurs<\/strong><\/p>\n<p>Pour utiliser les services, les mineurs doivent toujours obtenir au pr\u00e9alable le consentement de leurs parents, tuteurs ou repr\u00e9sentants l\u00e9gaux, qui sont responsables en dernier ressort de tous les actes accomplis par les mineurs dont ils ont la charge. La responsabilit\u00e9 de d\u00e9terminer les contenus sp\u00e9cifiques auxquels les mineurs ont acc\u00e8s leur incombe. C&rsquo;est pourquoi, s&rsquo;ils acc\u00e8dent \u00e0 des contenus inappropri\u00e9s sur Internet, des m\u00e9canismes, notamment des logiciels, des filtres et des bloqueurs, devront \u00eatre install\u00e9s sur leurs ordinateurs afin de limiter les contenus disponibles. Bien qu&rsquo;ils ne soient pas infaillibles, ces m\u00e9canismes sont particuli\u00e8rement utiles pour contr\u00f4ler et restreindre les contenus auxquels les mineurs peuvent acc\u00e9der.<\/p>\n<p><strong>2.5. Obligation d&rsquo;utiliser correctement le site web<\/strong><\/p>\n<p>L&rsquo;utilisateur s&rsquo;engage \u00e0 utiliser le site web conform\u00e9ment \u00e0 la loi et au pr\u00e9sent avis l\u00e9gal, ainsi qu&rsquo;\u00e0 la morale et aux bonnes m\u0153urs. \u00c0 cette fin, l&rsquo;utilisateur s&rsquo;abstiendra d&rsquo;utiliser le site \u00e0 des fins illicites ou interdites, portant atteinte aux droits et int\u00e9r\u00eats de tiers, ou pouvant de quelque mani\u00e8re que ce soit endommager, rendre inutilisable, surcharger, d\u00e9t\u00e9riorer ou emp\u00eacher l&rsquo;utilisation normale des \u00e9quipements informatiques ou des documents, fichiers et tout type de contenu stock\u00e9s sur tout \u00e9quipement informatique du prestataire.<\/p>\n<p>En particulier, et \u00e0 titre indicatif mais non exhaustif, l&rsquo;Utilisateur s&rsquo;engage \u00e0 ne pas transmettre, diffuser ou mettre \u00e0 la disposition de tiers des informations, donn\u00e9es, contenus, messages, graphiques, dessins, fichiers audio ou image, photographies, enregistrements, logiciels et, en g\u00e9n\u00e9ral, tout type de mat\u00e9riel qui :<\/p>\n<p>(a) est contraire, m\u00e9prise ou porte atteinte aux droits fondamentaux et aux libert\u00e9s publiques reconnus par la Constitution, les trait\u00e9s internationaux et autres normes en vigueur ;<\/p>\n<p>(b) incite, encourage ou promeut des actions criminelles, d\u00e9nigrantes, diffamatoires, violentes ou, en g\u00e9n\u00e9ral, contraires \u00e0 la loi, \u00e0 la morale et \u00e0 l&rsquo;ordre public ;<\/p>\n<p>(c) incite, encourage ou promeut des actions, des attitudes ou des pens\u00e9es discriminatoires fond\u00e9es sur le sexe, la race, la religion, les croyances, l&rsquo;\u00e2ge ou la condition ;<\/p>\n<p>(d) est contraire au droit \u00e0 l&rsquo;honneur, \u00e0 la vie priv\u00e9e ou familiale ou \u00e0 l&rsquo;image des personnes ;<\/p>\n<p>(e) porte atteinte de quelque mani\u00e8re que ce soit \u00e0 la cr\u00e9dibilit\u00e9 du prestataire ou de tiers ; et<\/p>\n<p>(f) constitue une publicit\u00e9 illicite, trompeuse ou d\u00e9loyale.<\/p>\n<p><strong>3.- EXCLUSION DE GARANTIES ET DE RESPONSABILIT\u00c9<\/strong><\/p>\n<p>Nous Cims d\u00e9cline toute responsabilit\u00e9 quant aux informations publi\u00e9es sur notre site web, d\u00e8s lors que ces informations ont \u00e9t\u00e9 manipul\u00e9es ou introduites par un tiers \u00e9tranger \u00e0 l&rsquo;entreprise.<\/p>\n<p>Ce site web a \u00e9t\u00e9 r\u00e9vis\u00e9 et test\u00e9 afin de garantir son bon fonctionnement. En principe, son bon fonctionnement peut \u00eatre garanti 365 jours par an, 24 heures sur 24. Cependant, Nous Cims n&rsquo;exclut pas la possibilit\u00e9 de certaines erreurs de programmation, ou de cas de force majeure, de catastrophes naturelles, de gr\u00e8ves ou de circonstances similaires rendant impossible l&rsquo;acc\u00e8s au site web.<\/p>\n<p>Nous Cims n&rsquo;accorde aucune garantie et n&rsquo;est en aucun cas responsable des dommages et pr\u00e9judices de toute nature pouvant d\u00e9couler du manque de disponibilit\u00e9, de maintenance et de fonctionnement efficace du site web ou de ses services et contenus ; de l&rsquo;existence de virus, de programmes malveillants ou nuisibles dans les contenus ; de l&rsquo;utilisation illicite, n\u00e9gligente, frauduleuse ou contraire au pr\u00e9sent avis l\u00e9gal et aux conditions d&rsquo;utilisation ; ou du manque de l\u00e9galit\u00e9, de qualit\u00e9, de fiabilit\u00e9, d&rsquo;utilit\u00e9 et de disponibilit\u00e9 des services fournis par des tiers et des gestes mis \u00e0 la disposition des utilisateurs sur le site web.<\/p>\n<p>Le prestataire d\u00e9cline toute responsabilit\u00e9 pour les dommages pouvant r\u00e9sulter d&rsquo;une utilisation ill\u00e9gale ou abusive du pr\u00e9sent site web.<\/p>\n<p><strong>4.- COOKIES<\/strong><\/p>\n<p>Le site web du prestataire peut utiliser des cookies (petits fichiers d&rsquo;informations que le serveur envoie \u00e0 l&rsquo;ordinateur de la personne qui acc\u00e8de \u00e0 la page) pour r\u00e9aliser certaines fonctions consid\u00e9r\u00e9es comme indispensables au bon fonctionnement et \u00e0 la visualisation du site. Les cookies utilis\u00e9s sont, dans tous les cas, temporaires, ont pour seul objectif de rendre la navigation plus efficace et disparaissent \u00e0 la fin de la session de l&rsquo;utilisateur.<\/p>\n<p>Les cookies ne seront en aucun cas utilis\u00e9s pour collecter des informations \u00e0 caract\u00e8re personnel. Pour plus d&rsquo;informations, consultez notre politique en mati\u00e8re de cookies.<\/p>\n<p><strong>5.- LIENS (<em>LINKS<\/em>)<\/strong><\/p>\n<p>Depuis le site web, vous pouvez \u00eatre redirig\u00e9 vers des contenus provenant de sites web tiers. \u00c9tant donn\u00e9 que nous ne pouvons pas toujours contr\u00f4ler les contenus introduits par des tiers depuis le site web, Nous Cims n&rsquo;assume aucune responsabilit\u00e9 quant \u00e0 ces contenus. Dans tous les cas, le prestataire d\u00e9clare qu&rsquo;il proc\u00e9dera au retrait imm\u00e9diat de tout contenu susceptible de contrevenir \u00e0 la l\u00e9gislation nationale ou internationale, \u00e0 la morale ou \u00e0 l&rsquo;ordre public, en supprimant imm\u00e9diatement la redirection vers ces sites web et en signalant le contenu en question aux autorit\u00e9s comp\u00e9tentes.<\/p>\n<p>Nous Cims n&rsquo;est pas responsable des informations et contenus stock\u00e9s, \u00e0 titre indicatif mais non limitatif, dans les forums, chats, g\u00e9n\u00e9rateurs de blogs, commentaires, r\u00e9seaux sociaux ou tout autre moyen permettant \u00e0 des tiers de publier des contenus ind\u00e9pendamment du site web de la Fondation. Toutefois, conform\u00e9ment aux dispositions des articles 11 et 16 de la LSSICE, Nous Cims se met \u00e0 la disposition de tous les utilisateurs, autorit\u00e9s et forces de s\u00e9curit\u00e9, et collabore activement au retrait ou, si n\u00e9cessaire, au blocage de tous les contenus susceptibles d&rsquo;affecter ou d&rsquo;enfreindre la l\u00e9gislation nationale ou internationale, les droits de tiers ou la morale et l&rsquo;ordre public. Si l&rsquo;utilisateur estime qu&rsquo;un contenu est susceptible d&rsquo;\u00eatre concern\u00e9 par cette classification, il est pri\u00e9 d&rsquo;en informer imm\u00e9diatement l&rsquo;administrateur du site web.<\/p>\n<p><strong>6.- PROTECTION DES DONN\u00c9ES PERSONNELLES<\/strong><\/p>\n<p>Le prestataire s&rsquo;engage fermement \u00e0 respecter la r\u00e9glementation en mati\u00e8re de protection des donn\u00e9es personnelles et garantit le respect int\u00e9gral des obligations pr\u00e9vues, ainsi que la mise en \u0153uvre des mesures de s\u00e9curit\u00e9 pr\u00e9vues par le r\u00e8glement europ\u00e9en sur la protection des donn\u00e9es et la r\u00e9glementation espagnole en mati\u00e8re de protection des donn\u00e9es. Pour plus d&rsquo;informations, consultez notre politique de confidentialit\u00e9.<\/p>\n<p><strong>7. PROPRI\u00c9T\u00c9 INTELLECTUELLE ET INDUSTRIELLE<\/strong><\/p>\n<p>Le site web, y compris, \u00e0 titre indicatif mais non limitatif, la programmation, l&rsquo;\u00e9dition, la compilation et les autres \u00e9l\u00e9ments n\u00e9cessaires \u00e0 son fonctionnement, les dessins, logos, textes, photographies et\/ou graphiques sont la propri\u00e9t\u00e9 de Nous Cims ou, le cas \u00e9ch\u00e9ant, dispose de la licence ou de l&rsquo;autorisation expresse des auteurs. Tous les contenus du site web sont d\u00fbment prot\u00e9g\u00e9s par la r\u00e9glementation en mati\u00e8re de propri\u00e9t\u00e9 intellectuelle et industrielle.<\/p>\n<p>Ind\u00e9pendamment de la finalit\u00e9 pour laquelle ils sont destin\u00e9s, la reproduction totale ou partielle, l&rsquo;utilisation, la distribution et la communication publique n\u00e9cessitent l&rsquo;autorisation \u00e9crite pr\u00e9alable du prestataire. Toute utilisation non autoris\u00e9e au pr\u00e9alable par la Fondation sera consid\u00e9r\u00e9e comme une violation grave des droits de propri\u00e9t\u00e9 intellectuelle ou industrielle de l&rsquo;auteur.<\/p>\n<p>Les dessins, logos, textes et\/ou graphiques n&rsquo;appartenant pas au prestataire et pouvant appara\u00eetre sur le site web appartiennent \u00e0 leurs propri\u00e9taires respectifs, qui sont eux-m\u00eames responsables de tout litige pouvant survenir \u00e0 leur sujet. Dans tous les cas, le prestataire dispose de l&rsquo;autorisation expresse et pr\u00e9alable de ces derniers.<\/p>\n<p>Le prestataire reconna\u00eet en faveur de leurs propri\u00e9taires les droits de propri\u00e9t\u00e9 industrielle et intellectuelle correspondants, sans que la mention ou l&rsquo;apparition sur le site web n&rsquo;implique l&rsquo;existence de droits ou de responsabilit\u00e9s du prestataire \u00e0 leur \u00e9gard, ni le soutien, le parrainage ou la recommandation de celui-ci.<\/p>\n<p>Pour toute remarque concernant d&rsquo;\u00e9ventuelles violations des droits de propri\u00e9t\u00e9 intellectuelle ou industrielle, ainsi que sur l&rsquo;un des contenus du site web, vous pouvez nous contacter \u00e0 l&rsquo;adresse e-mail indiqu\u00e9e ci-dessus.<\/p>\n<p><strong>8.- LOI APPLICABLE ET JURIDICTION<\/strong><\/p>\n<p>Pour la r\u00e9solution des litiges ou questions li\u00e9s au pr\u00e9sent site web ou aux activit\u00e9s qui y sont d\u00e9velopp\u00e9es, la l\u00e9gislation espagnole sera applicable, \u00e0 laquelle les parties se soumettent express\u00e9ment, les tribunaux de Barcelone \u00e9tant comp\u00e9tents pour la r\u00e9solution de tous les conflits d\u00e9riv\u00e9s ou li\u00e9s \u00e0 son utilisation.[\/vc_column_text][\/vc_column][\/vc_row]<\/p>\n<\/div>","protected":false},"excerpt":{"rendered":"[vc_row unlock_row_content=\"yes\" row_height_percent=\"0\" override_padding=\"yes\" h_padding=\"2\" top_padding=\"4\" bottom_padding=\"4\" overlay_alpha=\"90\" gutter_size=\"3\" column_width_percent=\"100\" shift_y=\"0\" z_index=\"0\" content_parallax=\"0\" uncode_shortcode_id=\"133558\"][vc_column column_width_percent=\"100\" gutter_size=\"4\" style=\"dark\" overlay_alpha=\"50\" shift_x=\"0\" shift_y=\"0\" [...]","protected":false},"author":1,"featured_media":0,"parent":0,"menu_order":0,"comment_status":"closed","ping_status":"closed","template":"","meta":{"footnotes":""},"class_list":["post-2976","page","type-page","status-publish","hentry"],"yoast_head":"<!-- This site is optimized with the Yoast SEO plugin v27.4 - https:\/\/yoast.com\/product\/yoast-seo-wordpress\/ -->\n<title>Mentions L\u00e9gales - Fundaci\u00f3n Privada Nous Cims<\/title>\n<meta name=\"robots\" content=\"index, follow, max-snippet:-1, max-image-preview:large, max-video-preview:-1\" \/>\n<link rel=\"canonical\" href=\"https:\/\/www.nouscims.com\/fr\/mentions-legales\/\" \/>\n<meta property=\"og:locale\" content=\"fr_FR\" \/>\n<meta property=\"og:type\" content=\"article\" \/>\n<meta property=\"og:title\" content=\"Mentions L\u00e9gales - Fundaci\u00f3n Privada Nous Cims\" \/>\n<meta property=\"og:url\" content=\"https:\/\/www.nouscims.com\/fr\/mentions-legales\/\" \/>\n<meta property=\"og:site_name\" content=\"Fundaci\u00f3n Privada Nous Cims\" \/>\n<meta property=\"article:publisher\" content=\"https:\/\/www.facebook.com\/nouscims\" \/>\n<meta property=\"article:modified_time\" content=\"2026-01-12T15:57:02+00:00\" \/>\n<meta name=\"twitter:card\" content=\"summary_large_image\" \/>\n<meta name=\"twitter:site\" content=\"@nouscims\" \/>\n<meta name=\"twitter:label1\" content=\"Dur\u00e9e de lecture estim\u00e9e\" \/>\n\t<meta name=\"twitter:data1\" content=\"10 minutes\" \/>\n<script type=\"application\/ld+json\" class=\"yoast-schema-graph\">{\"@context\":\"https:\\\/\\\/schema.org\",\"@graph\":[{\"@type\":\"WebPage\",\"@id\":\"https:\\\/\\\/www.nouscims.com\\\/fr\\\/mentions-legales\\\/\",\"url\":\"https:\\\/\\\/www.nouscims.com\\\/fr\\\/mentions-legales\\\/\",\"name\":\"Mentions L\u00e9gales - Fundaci\u00f3n Privada Nous Cims\",\"isPartOf\":{\"@id\":\"https:\\\/\\\/www.nouscims.com\\\/fr\\\/#website\"},\"datePublished\":\"2020-01-30T17:24:16+00:00\",\"dateModified\":\"2026-01-12T15:57:02+00:00\",\"breadcrumb\":{\"@id\":\"https:\\\/\\\/www.nouscims.com\\\/fr\\\/mentions-legales\\\/#breadcrumb\"},\"inLanguage\":\"fr-FR\",\"potentialAction\":[{\"@type\":\"ReadAction\",\"target\":[\"https:\\\/\\\/www.nouscims.com\\\/fr\\\/mentions-legales\\\/\"]}]},{\"@type\":\"BreadcrumbList\",\"@id\":\"https:\\\/\\\/www.nouscims.com\\\/fr\\\/mentions-legales\\\/#breadcrumb\",\"itemListElement\":[{\"@type\":\"ListItem\",\"position\":1,\"name\":\"Portada\",\"item\":\"https:\\\/\\\/www.nouscims.com\\\/fr\\\/\"},{\"@type\":\"ListItem\",\"position\":2,\"name\":\"Mentions L\u00e9gales\"}]},{\"@type\":\"WebSite\",\"@id\":\"https:\\\/\\\/www.nouscims.com\\\/fr\\\/#website\",\"url\":\"https:\\\/\\\/www.nouscims.com\\\/fr\\\/\",\"name\":\"Fundaci\u00f3n Privada Nous Cims\",\"description\":\"Impulsamos y desarrollamos proyectos de innovaci\u00f3n social\",\"potentialAction\":[{\"@type\":\"SearchAction\",\"target\":{\"@type\":\"EntryPoint\",\"urlTemplate\":\"https:\\\/\\\/www.nouscims.com\\\/fr\\\/?s={search_term_string}\"},\"query-input\":{\"@type\":\"PropertyValueSpecification\",\"valueRequired\":true,\"valueName\":\"search_term_string\"}}],\"inLanguage\":\"fr-FR\"}]}<\/script>\n<!-- \/ Yoast SEO plugin. -->","yoast_head_json":{"title":"Mentions L\u00e9gales - Fundaci\u00f3n Privada Nous Cims","robots":{"index":"index","follow":"follow","max-snippet":"max-snippet:-1","max-image-preview":"max-image-preview:large","max-video-preview":"max-video-preview:-1"},"canonical":"https:\/\/www.nouscims.com\/fr\/mentions-legales\/","og_locale":"fr_FR","og_type":"article","og_title":"Mentions L\u00e9gales - Fundaci\u00f3n Privada Nous Cims","og_url":"https:\/\/www.nouscims.com\/fr\/mentions-legales\/","og_site_name":"Fundaci\u00f3n Privada Nous Cims","article_publisher":"https:\/\/www.facebook.com\/nouscims","article_modified_time":"2026-01-12T15:57:02+00:00","twitter_card":"summary_large_image","twitter_site":"@nouscims","twitter_misc":{"Dur\u00e9e de lecture estim\u00e9e":"10 minutes"},"schema":{"@context":"https:\/\/schema.org","@graph":[{"@type":"WebPage","@id":"https:\/\/www.nouscims.com\/fr\/mentions-legales\/","url":"https:\/\/www.nouscims.com\/fr\/mentions-legales\/","name":"Mentions L\u00e9gales - Fundaci\u00f3n Privada Nous Cims","isPartOf":{"@id":"https:\/\/www.nouscims.com\/fr\/#website"},"datePublished":"2020-01-30T17:24:16+00:00","dateModified":"2026-01-12T15:57:02+00:00","breadcrumb":{"@id":"https:\/\/www.nouscims.com\/fr\/mentions-legales\/#breadcrumb"},"inLanguage":"fr-FR","potentialAction":[{"@type":"ReadAction","target":["https:\/\/www.nouscims.com\/fr\/mentions-legales\/"]}]},{"@type":"BreadcrumbList","@id":"https:\/\/www.nouscims.com\/fr\/mentions-legales\/#breadcrumb","itemListElement":[{"@type":"ListItem","position":1,"name":"Portada","item":"https:\/\/www.nouscims.com\/fr\/"},{"@type":"ListItem","position":2,"name":"Mentions L\u00e9gales"}]},{"@type":"WebSite","@id":"https:\/\/www.nouscims.com\/fr\/#website","url":"https:\/\/www.nouscims.com\/fr\/","name":"Fundaci\u00f3n Privada Nous Cims","description":"Impulsamos y desarrollamos proyectos de innovaci\u00f3n social","potentialAction":[{"@type":"SearchAction","target":{"@type":"EntryPoint","urlTemplate":"https:\/\/www.nouscims.com\/fr\/?s={search_term_string}"},"query-input":{"@type":"PropertyValueSpecification","valueRequired":true,"valueName":"search_term_string"}}],"inLanguage":"fr-FR"}]}},"_links":{"self":[{"href":"https:\/\/www.nouscims.com\/fr\/wp-json\/wp\/v2\/pages\/2976","targetHints":{"allow":["GET"]}}],"collection":[{"href":"https:\/\/www.nouscims.com\/fr\/wp-json\/wp\/v2\/pages"}],"about":[{"href":"https:\/\/www.nouscims.com\/fr\/wp-json\/wp\/v2\/types\/page"}],"author":[{"embeddable":true,"href":"https:\/\/www.nouscims.com\/fr\/wp-json\/wp\/v2\/users\/1"}],"replies":[{"embeddable":true,"href":"https:\/\/www.nouscims.com\/fr\/wp-json\/wp\/v2\/comments?post=2976"}],"version-history":[{"count":4,"href":"https:\/\/www.nouscims.com\/fr\/wp-json\/wp\/v2\/pages\/2976\/revisions"}],"predecessor-version":[{"id":14032,"href":"https:\/\/www.nouscims.com\/fr\/wp-json\/wp\/v2\/pages\/2976\/revisions\/14032"}],"wp:attachment":[{"href":"https:\/\/www.nouscims.com\/fr\/wp-json\/wp\/v2\/media?parent=2976"}],"curies":[{"name":"wp","href":"https:\/\/api.w.org\/{rel}","templated":true}]}}