{"id":6915,"date":"2022-12-19T15:04:26","date_gmt":"2022-12-19T14:04:26","guid":{"rendered":"https:\/\/www.nouscims.com\/proyecto\/projecte-amb-espoir-pour-lenfance\/"},"modified":"2025-11-05T20:50:35","modified_gmt":"2025-11-05T19:50:35","slug":"projecte-amb-espoir-pour-lenfance","status":"publish","type":"portfolio","link":"https:\/\/www.nouscims.com\/ca\/proyecto\/projecte-amb-espoir-pour-lenfance\/","title":{"rendered":"Projecte amb Espoir pour l\u2019enfance"},"content":{"rendered":"<div class=\"wpb-content-wrapper\"><p>[vc_row unlock_row_content=&#8221;yes&#8221; row_height_percent=&#8221;0&#8243; override_padding=&#8221;yes&#8221; h_padding=&#8221;2&#8243; top_padding=&#8221;3&#8243; bottom_padding=&#8221;3&#8243; overlay_alpha=&#8221;90&#8243; gutter_size=&#8221;3&#8243; column_width_percent=&#8221;100&#8243; shift_y=&#8221;0&#8243; z_index=&#8221;0&#8243; content_parallax=&#8221;0&#8243; uncode_shortcode_id=&#8221;207914&#8243;][vc_column column_width_percent=&#8221;100&#8243; gutter_size=&#8221;3&#8243; overlay_alpha=&#8221;50&#8243; shift_x=&#8221;0&#8243; shift_y=&#8221;0&#8243; shift_y_down=&#8221;0&#8243; z_index=&#8221;0&#8243; medium_width=&#8221;0&#8243; mobile_width=&#8221;0&#8243; width=&#8221;1\/1&#8243; uncode_shortcode_id=&#8221;196735&#8243;][vc_custom_heading text_size=&#8221;fontsize-182147&#8243; text_weight=&#8221;500&#8243; uncode_shortcode_id=&#8221;168588&#8243;]Projecte amb Espoir pour l\u2019enfance[\/vc_custom_heading][\/vc_column][\/vc_row][vc_row unlock_row_content=&#8221;yes&#8221; row_height_percent=&#8221;0&#8243; override_padding=&#8221;yes&#8221; h_padding=&#8221;2&#8243; top_padding=&#8221;0&#8243; bottom_padding=&#8221;2&#8243; overlay_alpha=&#8221;90&#8243; gutter_size=&#8221;3&#8243; column_width_percent=&#8221;100&#8243; shift_y=&#8221;0&#8243; z_index=&#8221;0&#8243; content_parallax=&#8221;0&#8243; uncode_shortcode_id=&#8221;612478&#8243;][vc_column column_width_percent=&#8221;100&#8243; gutter_size=&#8221;4&#8243; style=&#8221;dark&#8221; overlay_alpha=&#8221;50&#8243; shift_x=&#8221;0&#8243; shift_y=&#8221;0&#8243; shift_y_down=&#8221;0&#8243; z_index=&#8221;0&#8243; medium_width=&#8221;0&#8243; mobile_width=&#8221;0&#8243; width=&#8221;1\/6&#8243; uncode_shortcode_id=&#8221;173837&#8243;][vc_custom_heading text_color=&#8221;accent&#8221; text_weight=&#8221;600&#8243; uncode_shortcode_id=&#8221;189361&#8243; text_color_type=&#8221;uncode-palette&#8221;]En qu\u00e8 consisteix?[\/vc_custom_heading][\/vc_column][vc_column column_width_percent=&#8221;85&#8243; position_horizontal=&#8221;left&#8221; gutter_size=&#8221;2&#8243; overlay_alpha=&#8221;50&#8243; shift_x=&#8221;0&#8243; shift_y=&#8221;0&#8243; shift_y_down=&#8221;0&#8243; z_index=&#8221;0&#8243; medium_width=&#8221;0&#8243; mobile_width=&#8221;0&#8243; width=&#8221;5\/6&#8243; uncode_shortcode_id=&#8221;173225&#8243;][vc_custom_heading heading_semantic=&#8221;h3&#8243; text_size=&#8221;h3&#8243; text_weight=&#8221;400&#8243; uncode_shortcode_id=&#8221;252701&#8243;]Espoir\u00a0pour\u00a0el\u00a0Enfance\u00a0\u00e9s una ONG local que treballa en favor de les fam\u00edlies portadores del VIH\/SIDA. Sovint afectats per les malalties oportunistes i amb gran risc d&#8217;estigmatitzaci\u00f3 pels seus companys, aquests nens i nenes han trobat amb el projecte un acompanyament clau.[\/vc_custom_heading][vc_custom_heading heading_semantic=&#8221;h3&#8243; text_size=&#8221;h3&#8243; text_weight=&#8221;400&#8243; uncode_shortcode_id=&#8221;406239&#8243;]M\u00e9s enll\u00e0 de cobrir la matr\u00edcula dels nens, el projecte, de tres anys de durada, treballa amb un grup de monitors que fan un seguiment amb els mestres a les escoles i tamb\u00e9 en el domicili, implicant les mares, pares o tutors, sobre els avan\u00e7os del nen o la nena. Es busca una major implicaci\u00f3 i inter\u00e8s de les fam\u00edlies per l&#8217;educaci\u00f3 dels seus fills i filles i una major sensibilitat dels professors en la tem\u00e0tica del VIH\/SIDA. Un segon component \u00e9s el refor\u00e7 de les activitats econ\u00f2miques familiars, destinada a assegurar la seva sostenibilitat una vegada acabi el projecte. Volem que al final del projecte les fam\u00edlies hagin incrementat els seus recursos familiars per a poder costejar les despeses de matr\u00edcula i material escolar. Aquest eix es treballar\u00e0 amb formacions en emprenedoria i acc\u00e9s a microcr\u00e8dits.[\/vc_custom_heading][\/vc_column][\/vc_row][vc_row][vc_column width=&#8221;1\/1&#8243;][vc_single_image media=&#8221;6673&#8243; media_width_percent=&#8221;100&#8243; uncode_shortcode_id=&#8221;137166&#8243;][\/vc_column][\/vc_row]<\/p>\n<\/div>","protected":false},"excerpt":{"rendered":"[vc_row unlock_row_content=\"yes\" row_height_percent=\"0\" override_padding=\"yes\" h_padding=\"2\" top_padding=\"3\" bottom_padding=\"3\" overlay_alpha=\"90\" gutter_size=\"3\" column_width_percent=\"100\" shift_y=\"0\" z_index=\"0\" content_parallax=\"0\" uncode_shortcode_id=\"207914\"][vc_column column_width_percent=\"100\" gutter_size=\"3\" overlay_alpha=\"50\" shift_x=\"0\" shift_y=\"0\" shift_y_down=\"0\" [...]","protected":false},"author":2,"featured_media":6673,"parent":0,"menu_order":73,"comment_status":"open","ping_status":"open","template":"","meta":{"footnotes":""},"portfolio_category":[184,188],"class_list":["post-6915","portfolio","type-portfolio","status-publish","has-post-thumbnail","hentry","portfolio_category-desenvolupament-global","portfolio_category-projectes-deducacio"],"yoast_head":"<!-- This site is optimized with the Yoast SEO plugin v27.4 - https:\/\/yoast.com\/product\/yoast-seo-wordpress\/ -->\n<title>Projecte amb Espoir pour l\u2019enfance - Fundaci\u00f3n Privada Nous Cims<\/title>\n<meta name=\"robots\" content=\"index, follow, max-snippet:-1, max-image-preview:large, max-video-preview:-1\" \/>\n<link rel=\"canonical\" href=\"https:\/\/www.nouscims.com\/ca\/proyecto\/projecte-amb-espoir-pour-lenfance\/\" \/>\n<meta property=\"og:locale\" content=\"ca_ES\" \/>\n<meta property=\"og:type\" content=\"article\" \/>\n<meta property=\"og:title\" content=\"Projecte amb Espoir pour l\u2019enfance - Fundaci\u00f3n Privada Nous Cims\" \/>\n<meta property=\"og:url\" content=\"https:\/\/www.nouscims.com\/ca\/proyecto\/projecte-amb-espoir-pour-lenfance\/\" \/>\n<meta property=\"og:site_name\" content=\"Fundaci\u00f3n Privada Nous Cims\" \/>\n<meta property=\"article:publisher\" content=\"https:\/\/www.facebook.com\/nouscims\" \/>\n<meta property=\"article:modified_time\" content=\"2025-11-05T19:50:35+00:00\" \/>\n<meta property=\"og:image\" content=\"https:\/\/www.nouscims.com\/wp-content\/uploads\/2022\/11\/Espoir-pour-enfance.jpg\" \/>\n\t<meta property=\"og:image:width\" content=\"2533\" \/>\n\t<meta property=\"og:image:height\" content=\"1770\" \/>\n\t<meta property=\"og:image:type\" content=\"image\/jpeg\" \/>\n<meta name=\"twitter:card\" content=\"summary_large_image\" \/>\n<meta name=\"twitter:site\" content=\"@nouscims\" \/>\n<meta name=\"twitter:label1\" content=\"Temps estimat de lectura\" \/>\n\t<meta name=\"twitter:data1\" content=\"2 minuts\" \/>\n<script type=\"application\/ld+json\" class=\"yoast-schema-graph\">{\"@context\":\"https:\\\/\\\/schema.org\",\"@graph\":[{\"@type\":\"WebPage\",\"@id\":\"https:\\\/\\\/www.nouscims.com\\\/ca\\\/proyecto\\\/projecte-amb-espoir-pour-lenfance\\\/\",\"url\":\"https:\\\/\\\/www.nouscims.com\\\/ca\\\/proyecto\\\/projecte-amb-espoir-pour-lenfance\\\/\",\"name\":\"Projecte amb Espoir pour l\u2019enfance - Fundaci\u00f3n Privada Nous Cims\",\"isPartOf\":{\"@id\":\"https:\\\/\\\/www.nouscims.com\\\/ca\\\/#website\"},\"primaryImageOfPage\":{\"@id\":\"https:\\\/\\\/www.nouscims.com\\\/ca\\\/proyecto\\\/projecte-amb-espoir-pour-lenfance\\\/#primaryimage\"},\"image\":{\"@id\":\"https:\\\/\\\/www.nouscims.com\\\/ca\\\/proyecto\\\/projecte-amb-espoir-pour-lenfance\\\/#primaryimage\"},\"thumbnailUrl\":\"https:\\\/\\\/www.nouscims.com\\\/wp-content\\\/uploads\\\/2022\\\/11\\\/Espoir-pour-enfance.jpg\",\"datePublished\":\"2022-12-19T14:04:26+00:00\",\"dateModified\":\"2025-11-05T19:50:35+00:00\",\"breadcrumb\":{\"@id\":\"https:\\\/\\\/www.nouscims.com\\\/ca\\\/proyecto\\\/projecte-amb-espoir-pour-lenfance\\\/#breadcrumb\"},\"inLanguage\":\"ca\",\"potentialAction\":[{\"@type\":\"ReadAction\",\"target\":[\"https:\\\/\\\/www.nouscims.com\\\/ca\\\/proyecto\\\/projecte-amb-espoir-pour-lenfance\\\/\"]}]},{\"@type\":\"ImageObject\",\"inLanguage\":\"ca\",\"@id\":\"https:\\\/\\\/www.nouscims.com\\\/ca\\\/proyecto\\\/projecte-amb-espoir-pour-lenfance\\\/#primaryimage\",\"url\":\"https:\\\/\\\/www.nouscims.com\\\/wp-content\\\/uploads\\\/2022\\\/11\\\/Espoir-pour-enfance.jpg\",\"contentUrl\":\"https:\\\/\\\/www.nouscims.com\\\/wp-content\\\/uploads\\\/2022\\\/11\\\/Espoir-pour-enfance.jpg\",\"width\":2533,\"height\":1770},{\"@type\":\"BreadcrumbList\",\"@id\":\"https:\\\/\\\/www.nouscims.com\\\/ca\\\/proyecto\\\/projecte-amb-espoir-pour-lenfance\\\/#breadcrumb\",\"itemListElement\":[{\"@type\":\"ListItem\",\"position\":1,\"name\":\"Portada\",\"item\":\"https:\\\/\\\/www.nouscims.com\\\/ca\\\/\"},{\"@type\":\"ListItem\",\"position\":2,\"name\":\"Proyectos\",\"item\":\"https:\\\/\\\/www.nouscims.com\\\/ca\\\/proyecto\\\/\"},{\"@type\":\"ListItem\",\"position\":3,\"name\":\"Projecte amb Espoir pour l\u2019enfance\"}]},{\"@type\":\"WebSite\",\"@id\":\"https:\\\/\\\/www.nouscims.com\\\/ca\\\/#website\",\"url\":\"https:\\\/\\\/www.nouscims.com\\\/ca\\\/\",\"name\":\"Fundaci\u00f3n Privada Nous Cims\",\"description\":\"Impulsamos y desarrollamos proyectos de innovaci\u00f3n social\",\"potentialAction\":[{\"@type\":\"SearchAction\",\"target\":{\"@type\":\"EntryPoint\",\"urlTemplate\":\"https:\\\/\\\/www.nouscims.com\\\/ca\\\/?s={search_term_string}\"},\"query-input\":{\"@type\":\"PropertyValueSpecification\",\"valueRequired\":true,\"valueName\":\"search_term_string\"}}],\"inLanguage\":\"ca\"}]}<\/script>\n<!-- \/ Yoast SEO plugin. -->","yoast_head_json":{"title":"Projecte amb Espoir pour l\u2019enfance - Fundaci\u00f3n Privada Nous Cims","robots":{"index":"index","follow":"follow","max-snippet":"max-snippet:-1","max-image-preview":"max-image-preview:large","max-video-preview":"max-video-preview:-1"},"canonical":"https:\/\/www.nouscims.com\/ca\/proyecto\/projecte-amb-espoir-pour-lenfance\/","og_locale":"ca_ES","og_type":"article","og_title":"Projecte amb Espoir pour l\u2019enfance - Fundaci\u00f3n Privada Nous Cims","og_url":"https:\/\/www.nouscims.com\/ca\/proyecto\/projecte-amb-espoir-pour-lenfance\/","og_site_name":"Fundaci\u00f3n Privada Nous Cims","article_publisher":"https:\/\/www.facebook.com\/nouscims","article_modified_time":"2025-11-05T19:50:35+00:00","og_image":[{"width":2533,"height":1770,"url":"https:\/\/www.nouscims.com\/wp-content\/uploads\/2022\/11\/Espoir-pour-enfance.jpg","type":"image\/jpeg"}],"twitter_card":"summary_large_image","twitter_site":"@nouscims","twitter_misc":{"Temps estimat de lectura":"2 minuts"},"schema":{"@context":"https:\/\/schema.org","@graph":[{"@type":"WebPage","@id":"https:\/\/www.nouscims.com\/ca\/proyecto\/projecte-amb-espoir-pour-lenfance\/","url":"https:\/\/www.nouscims.com\/ca\/proyecto\/projecte-amb-espoir-pour-lenfance\/","name":"Projecte amb Espoir pour l\u2019enfance - Fundaci\u00f3n Privada Nous Cims","isPartOf":{"@id":"https:\/\/www.nouscims.com\/ca\/#website"},"primaryImageOfPage":{"@id":"https:\/\/www.nouscims.com\/ca\/proyecto\/projecte-amb-espoir-pour-lenfance\/#primaryimage"},"image":{"@id":"https:\/\/www.nouscims.com\/ca\/proyecto\/projecte-amb-espoir-pour-lenfance\/#primaryimage"},"thumbnailUrl":"https:\/\/www.nouscims.com\/wp-content\/uploads\/2022\/11\/Espoir-pour-enfance.jpg","datePublished":"2022-12-19T14:04:26+00:00","dateModified":"2025-11-05T19:50:35+00:00","breadcrumb":{"@id":"https:\/\/www.nouscims.com\/ca\/proyecto\/projecte-amb-espoir-pour-lenfance\/#breadcrumb"},"inLanguage":"ca","potentialAction":[{"@type":"ReadAction","target":["https:\/\/www.nouscims.com\/ca\/proyecto\/projecte-amb-espoir-pour-lenfance\/"]}]},{"@type":"ImageObject","inLanguage":"ca","@id":"https:\/\/www.nouscims.com\/ca\/proyecto\/projecte-amb-espoir-pour-lenfance\/#primaryimage","url":"https:\/\/www.nouscims.com\/wp-content\/uploads\/2022\/11\/Espoir-pour-enfance.jpg","contentUrl":"https:\/\/www.nouscims.com\/wp-content\/uploads\/2022\/11\/Espoir-pour-enfance.jpg","width":2533,"height":1770},{"@type":"BreadcrumbList","@id":"https:\/\/www.nouscims.com\/ca\/proyecto\/projecte-amb-espoir-pour-lenfance\/#breadcrumb","itemListElement":[{"@type":"ListItem","position":1,"name":"Portada","item":"https:\/\/www.nouscims.com\/ca\/"},{"@type":"ListItem","position":2,"name":"Proyectos","item":"https:\/\/www.nouscims.com\/ca\/proyecto\/"},{"@type":"ListItem","position":3,"name":"Projecte amb Espoir pour l\u2019enfance"}]},{"@type":"WebSite","@id":"https:\/\/www.nouscims.com\/ca\/#website","url":"https:\/\/www.nouscims.com\/ca\/","name":"Fundaci\u00f3n Privada Nous Cims","description":"Impulsamos y desarrollamos proyectos de innovaci\u00f3n social","potentialAction":[{"@type":"SearchAction","target":{"@type":"EntryPoint","urlTemplate":"https:\/\/www.nouscims.com\/ca\/?s={search_term_string}"},"query-input":{"@type":"PropertyValueSpecification","valueRequired":true,"valueName":"search_term_string"}}],"inLanguage":"ca"}]}},"_links":{"self":[{"href":"https:\/\/www.nouscims.com\/ca\/wp-json\/wp\/v2\/portfolio\/6915","targetHints":{"allow":["GET"]}}],"collection":[{"href":"https:\/\/www.nouscims.com\/ca\/wp-json\/wp\/v2\/portfolio"}],"about":[{"href":"https:\/\/www.nouscims.com\/ca\/wp-json\/wp\/v2\/types\/portfolio"}],"author":[{"embeddable":true,"href":"https:\/\/www.nouscims.com\/ca\/wp-json\/wp\/v2\/users\/2"}],"replies":[{"embeddable":true,"href":"https:\/\/www.nouscims.com\/ca\/wp-json\/wp\/v2\/comments?post=6915"}],"version-history":[{"count":8,"href":"https:\/\/www.nouscims.com\/ca\/wp-json\/wp\/v2\/portfolio\/6915\/revisions"}],"predecessor-version":[{"id":12948,"href":"https:\/\/www.nouscims.com\/ca\/wp-json\/wp\/v2\/portfolio\/6915\/revisions\/12948"}],"wp:featuredmedia":[{"embeddable":true,"href":"https:\/\/www.nouscims.com\/ca\/wp-json\/wp\/v2\/media\/6673"}],"wp:attachment":[{"href":"https:\/\/www.nouscims.com\/ca\/wp-json\/wp\/v2\/media?parent=6915"}],"wp:term":[{"taxonomy":"portfolio_category","embeddable":true,"href":"https:\/\/www.nouscims.com\/ca\/wp-json\/wp\/v2\/portfolio_category?post=6915"}],"curies":[{"name":"wp","href":"https:\/\/api.w.org\/{rel}","templated":true}]}}