{"id":6890,"date":"2022-12-19T14:18:41","date_gmt":"2022-12-19T13:18:41","guid":{"rendered":"https:\/\/www.nouscims.com\/proyecto\/projecte-amb-lorganitzacio-environement-vie-eau\/"},"modified":"2025-11-06T10:38:49","modified_gmt":"2025-11-06T09:38:49","slug":"projecte-amb-lorganitzacio-environement-vie-eau","status":"publish","type":"portfolio","link":"https:\/\/www.nouscims.com\/ca\/proyecto\/projecte-amb-lorganitzacio-environement-vie-eau\/","title":{"rendered":"Projecte amb l&#8217;organitzaci\u00f3 Environement-Vie-Eau"},"content":{"rendered":"<div class=\"wpb-content-wrapper\"><p>[vc_row unlock_row_content=&#8221;yes&#8221; row_height_percent=&#8221;0&#8243; override_padding=&#8221;yes&#8221; h_padding=&#8221;2&#8243; top_padding=&#8221;3&#8243; bottom_padding=&#8221;3&#8243; overlay_alpha=&#8221;90&#8243; gutter_size=&#8221;3&#8243; column_width_percent=&#8221;100&#8243; shift_y=&#8221;0&#8243; z_index=&#8221;0&#8243; content_parallax=&#8221;0&#8243; uncode_shortcode_id=&#8221;207914&#8243;][vc_column column_width_percent=&#8221;100&#8243; gutter_size=&#8221;3&#8243; overlay_alpha=&#8221;50&#8243; shift_x=&#8221;0&#8243; shift_y=&#8221;0&#8243; shift_y_down=&#8221;0&#8243; z_index=&#8221;0&#8243; medium_width=&#8221;0&#8243; mobile_width=&#8221;0&#8243; width=&#8221;1\/1&#8243; uncode_shortcode_id=&#8221;196735&#8243;][vc_custom_heading text_size=&#8221;fontsize-182147&#8243; text_weight=&#8221;500&#8243; uncode_shortcode_id=&#8221;168588&#8243;]Projecte amb l&#8217;organitzaci\u00f3 Environement-Vie-Eau[\/vc_custom_heading][\/vc_column][\/vc_row][vc_row unlock_row_content=&#8221;yes&#8221; row_height_percent=&#8221;0&#8243; override_padding=&#8221;yes&#8221; h_padding=&#8221;2&#8243; top_padding=&#8221;0&#8243; bottom_padding=&#8221;2&#8243; overlay_alpha=&#8221;90&#8243; gutter_size=&#8221;3&#8243; column_width_percent=&#8221;100&#8243; shift_y=&#8221;0&#8243; z_index=&#8221;0&#8243; content_parallax=&#8221;0&#8243; uncode_shortcode_id=&#8221;612478&#8243;][vc_column column_width_percent=&#8221;100&#8243; gutter_size=&#8221;4&#8243; style=&#8221;dark&#8221; overlay_alpha=&#8221;50&#8243; shift_x=&#8221;0&#8243; shift_y=&#8221;0&#8243; shift_y_down=&#8221;0&#8243; z_index=&#8221;0&#8243; medium_width=&#8221;0&#8243; mobile_width=&#8221;0&#8243; width=&#8221;1\/6&#8243; uncode_shortcode_id=&#8221;173837&#8243;][vc_custom_heading text_color=&#8221;accent&#8221; text_weight=&#8221;600&#8243; uncode_shortcode_id=&#8221;189361&#8243; text_color_type=&#8221;uncode-palette&#8221;]En qu\u00e8 consisteix?[\/vc_custom_heading][\/vc_column][vc_column column_width_percent=&#8221;85&#8243; position_horizontal=&#8221;left&#8221; gutter_size=&#8221;2&#8243; overlay_alpha=&#8221;50&#8243; shift_x=&#8221;0&#8243; shift_y=&#8221;0&#8243; shift_y_down=&#8221;0&#8243; z_index=&#8221;0&#8243; medium_width=&#8221;0&#8243; mobile_width=&#8221;0&#8243; width=&#8221;5\/6&#8243; uncode_shortcode_id=&#8221;173225&#8243;][vc_custom_heading heading_semantic=&#8221;h3&#8243; text_size=&#8221;h3&#8243; text_weight=&#8221;400&#8243; uncode_shortcode_id=&#8221;252701&#8243;]El projecte, amb una durada de 3 anys, t\u00e9 com a objectiu millorar l&#8217;estat nutricional de nens, nenes, adolescents, dones embarassades i lactants del departament de\u00a0Pikine.[\/vc_custom_heading][vc_custom_heading heading_semantic=&#8221;h3&#8243; text_size=&#8221;h3&#8243; text_weight=&#8221;400&#8243; uncode_shortcode_id=&#8221;853026&#8243;]Per a aix\u00f2, s&#8217;abordaran diferents aspectes amb l&#8217;objectiu d&#8217;aconseguir tres resultats clau:<\/p>\n<ol>\n<li class=\"form-control second-textarea\">La revitalitzaci\u00f3 i millora del funcionament dels dispositius de prevenci\u00f3 i maneig comunitari i cl\u00ednic de la desnutrici\u00f3 en el departament de Pikine. Al costat de l&#8217;establiment de Centres Alimentaris de Recuperaci\u00f3 i Despertar Nutricional (FARNE) per a atendre casos de nens detectats amb Desnutrici\u00f3 Aguda Moderada (MAM).<\/li>\n<li>La promoci\u00f3 d&#8217;un comportament nutricional adequat en la poblaci\u00f3 del departament de Pikine.<\/li>\n<li>Enfortir el comprom\u00eds i la coordinaci\u00f3 i sinergia dels actors comunitaris a favor de la nutrici\u00f3.<\/li>\n<\/ol>\n<p>[\/vc_custom_heading][vc_custom_heading heading_semantic=&#8221;h3&#8243; text_size=&#8221;h3&#8243; text_weight=&#8221;400&#8243; uncode_shortcode_id=&#8221;778963&#8243;]I finalment, promoure el consum d&#8217;aliments diversificats, sans i nutritius entre la poblaci\u00f3 del departament de Pikine.[\/vc_custom_heading][\/vc_column][\/vc_row][vc_row][vc_column width=&#8221;1\/1&#8243;][vc_single_image media=&#8221;6652&#8243; media_width_percent=&#8221;100&#8243; uncode_shortcode_id=&#8221;179559&#8243;][\/vc_column][\/vc_row]<\/p>\n<\/div>","protected":false},"excerpt":{"rendered":"[vc_row unlock_row_content=\"yes\" row_height_percent=\"0\" override_padding=\"yes\" h_padding=\"2\" top_padding=\"3\" bottom_padding=\"3\" overlay_alpha=\"90\" gutter_size=\"3\" column_width_percent=\"100\" shift_y=\"0\" z_index=\"0\" content_parallax=\"0\" uncode_shortcode_id=\"207914\"][vc_column column_width_percent=\"100\" gutter_size=\"3\" overlay_alpha=\"50\" shift_x=\"0\" shift_y=\"0\" shift_y_down=\"0\" [...]","protected":false},"author":2,"featured_media":6652,"parent":0,"menu_order":85,"comment_status":"open","ping_status":"open","template":"","meta":{"footnotes":""},"portfolio_category":[184,187],"class_list":["post-6890","portfolio","type-portfolio","status-publish","has-post-thumbnail","hentry","portfolio_category-desenvolupament-global","portfolio_category-projectes-de-nutricio"],"yoast_head":"<!-- This site is optimized with the Yoast SEO plugin v27.4 - https:\/\/yoast.com\/product\/yoast-seo-wordpress\/ -->\n<title>Projecte amb l&#039;organitzaci\u00f3 Environement-Vie-Eau - Fundaci\u00f3n Privada Nous Cims<\/title>\n<meta name=\"robots\" content=\"index, follow, max-snippet:-1, max-image-preview:large, max-video-preview:-1\" \/>\n<link rel=\"canonical\" href=\"https:\/\/www.nouscims.com\/ca\/proyecto\/projecte-amb-lorganitzacio-environement-vie-eau\/\" \/>\n<meta property=\"og:locale\" content=\"ca_ES\" \/>\n<meta property=\"og:type\" content=\"article\" \/>\n<meta property=\"og:title\" content=\"Projecte amb l&#039;organitzaci\u00f3 Environement-Vie-Eau - Fundaci\u00f3n Privada Nous Cims\" \/>\n<meta property=\"og:url\" content=\"https:\/\/www.nouscims.com\/ca\/proyecto\/projecte-amb-lorganitzacio-environement-vie-eau\/\" \/>\n<meta property=\"og:site_name\" content=\"Fundaci\u00f3n Privada Nous Cims\" \/>\n<meta property=\"article:publisher\" content=\"https:\/\/www.facebook.com\/nouscims\" \/>\n<meta property=\"article:modified_time\" content=\"2025-11-06T09:38:49+00:00\" \/>\n<meta property=\"og:image\" content=\"https:\/\/www.nouscims.com\/wp-content\/uploads\/2022\/11\/EVE.jpg\" \/>\n\t<meta property=\"og:image:width\" content=\"2048\" \/>\n\t<meta property=\"og:image:height\" content=\"1152\" \/>\n\t<meta property=\"og:image:type\" content=\"image\/jpeg\" \/>\n<meta name=\"twitter:card\" content=\"summary_large_image\" \/>\n<meta name=\"twitter:site\" content=\"@nouscims\" \/>\n<meta name=\"twitter:label1\" content=\"Temps estimat de lectura\" \/>\n\t<meta name=\"twitter:data1\" content=\"1 minut\" \/>\n<script type=\"application\/ld+json\" class=\"yoast-schema-graph\">{\"@context\":\"https:\\\/\\\/schema.org\",\"@graph\":[{\"@type\":\"WebPage\",\"@id\":\"https:\\\/\\\/www.nouscims.com\\\/ca\\\/proyecto\\\/projecte-amb-lorganitzacio-environement-vie-eau\\\/\",\"url\":\"https:\\\/\\\/www.nouscims.com\\\/ca\\\/proyecto\\\/projecte-amb-lorganitzacio-environement-vie-eau\\\/\",\"name\":\"Projecte amb l'organitzaci\u00f3 Environement-Vie-Eau - Fundaci\u00f3n Privada Nous Cims\",\"isPartOf\":{\"@id\":\"https:\\\/\\\/www.nouscims.com\\\/ca\\\/#website\"},\"primaryImageOfPage\":{\"@id\":\"https:\\\/\\\/www.nouscims.com\\\/ca\\\/proyecto\\\/projecte-amb-lorganitzacio-environement-vie-eau\\\/#primaryimage\"},\"image\":{\"@id\":\"https:\\\/\\\/www.nouscims.com\\\/ca\\\/proyecto\\\/projecte-amb-lorganitzacio-environement-vie-eau\\\/#primaryimage\"},\"thumbnailUrl\":\"https:\\\/\\\/www.nouscims.com\\\/wp-content\\\/uploads\\\/2022\\\/11\\\/EVE.jpg\",\"datePublished\":\"2022-12-19T13:18:41+00:00\",\"dateModified\":\"2025-11-06T09:38:49+00:00\",\"breadcrumb\":{\"@id\":\"https:\\\/\\\/www.nouscims.com\\\/ca\\\/proyecto\\\/projecte-amb-lorganitzacio-environement-vie-eau\\\/#breadcrumb\"},\"inLanguage\":\"ca\",\"potentialAction\":[{\"@type\":\"ReadAction\",\"target\":[\"https:\\\/\\\/www.nouscims.com\\\/ca\\\/proyecto\\\/projecte-amb-lorganitzacio-environement-vie-eau\\\/\"]}]},{\"@type\":\"ImageObject\",\"inLanguage\":\"ca\",\"@id\":\"https:\\\/\\\/www.nouscims.com\\\/ca\\\/proyecto\\\/projecte-amb-lorganitzacio-environement-vie-eau\\\/#primaryimage\",\"url\":\"https:\\\/\\\/www.nouscims.com\\\/wp-content\\\/uploads\\\/2022\\\/11\\\/EVE.jpg\",\"contentUrl\":\"https:\\\/\\\/www.nouscims.com\\\/wp-content\\\/uploads\\\/2022\\\/11\\\/EVE.jpg\",\"width\":2048,\"height\":1152},{\"@type\":\"BreadcrumbList\",\"@id\":\"https:\\\/\\\/www.nouscims.com\\\/ca\\\/proyecto\\\/projecte-amb-lorganitzacio-environement-vie-eau\\\/#breadcrumb\",\"itemListElement\":[{\"@type\":\"ListItem\",\"position\":1,\"name\":\"Portada\",\"item\":\"https:\\\/\\\/www.nouscims.com\\\/ca\\\/\"},{\"@type\":\"ListItem\",\"position\":2,\"name\":\"Proyectos\",\"item\":\"https:\\\/\\\/www.nouscims.com\\\/ca\\\/proyecto\\\/\"},{\"@type\":\"ListItem\",\"position\":3,\"name\":\"Projecte amb l&#8217;organitzaci\u00f3 Environement-Vie-Eau\"}]},{\"@type\":\"WebSite\",\"@id\":\"https:\\\/\\\/www.nouscims.com\\\/ca\\\/#website\",\"url\":\"https:\\\/\\\/www.nouscims.com\\\/ca\\\/\",\"name\":\"Fundaci\u00f3n Privada Nous Cims\",\"description\":\"Impulsamos y desarrollamos proyectos de innovaci\u00f3n social\",\"potentialAction\":[{\"@type\":\"SearchAction\",\"target\":{\"@type\":\"EntryPoint\",\"urlTemplate\":\"https:\\\/\\\/www.nouscims.com\\\/ca\\\/?s={search_term_string}\"},\"query-input\":{\"@type\":\"PropertyValueSpecification\",\"valueRequired\":true,\"valueName\":\"search_term_string\"}}],\"inLanguage\":\"ca\"}]}<\/script>\n<!-- \/ Yoast SEO plugin. -->","yoast_head_json":{"title":"Projecte amb l'organitzaci\u00f3 Environement-Vie-Eau - Fundaci\u00f3n Privada Nous Cims","robots":{"index":"index","follow":"follow","max-snippet":"max-snippet:-1","max-image-preview":"max-image-preview:large","max-video-preview":"max-video-preview:-1"},"canonical":"https:\/\/www.nouscims.com\/ca\/proyecto\/projecte-amb-lorganitzacio-environement-vie-eau\/","og_locale":"ca_ES","og_type":"article","og_title":"Projecte amb l'organitzaci\u00f3 Environement-Vie-Eau - Fundaci\u00f3n Privada Nous Cims","og_url":"https:\/\/www.nouscims.com\/ca\/proyecto\/projecte-amb-lorganitzacio-environement-vie-eau\/","og_site_name":"Fundaci\u00f3n Privada Nous Cims","article_publisher":"https:\/\/www.facebook.com\/nouscims","article_modified_time":"2025-11-06T09:38:49+00:00","og_image":[{"width":2048,"height":1152,"url":"https:\/\/www.nouscims.com\/wp-content\/uploads\/2022\/11\/EVE.jpg","type":"image\/jpeg"}],"twitter_card":"summary_large_image","twitter_site":"@nouscims","twitter_misc":{"Temps estimat de lectura":"1 minut"},"schema":{"@context":"https:\/\/schema.org","@graph":[{"@type":"WebPage","@id":"https:\/\/www.nouscims.com\/ca\/proyecto\/projecte-amb-lorganitzacio-environement-vie-eau\/","url":"https:\/\/www.nouscims.com\/ca\/proyecto\/projecte-amb-lorganitzacio-environement-vie-eau\/","name":"Projecte amb l'organitzaci\u00f3 Environement-Vie-Eau - Fundaci\u00f3n Privada Nous Cims","isPartOf":{"@id":"https:\/\/www.nouscims.com\/ca\/#website"},"primaryImageOfPage":{"@id":"https:\/\/www.nouscims.com\/ca\/proyecto\/projecte-amb-lorganitzacio-environement-vie-eau\/#primaryimage"},"image":{"@id":"https:\/\/www.nouscims.com\/ca\/proyecto\/projecte-amb-lorganitzacio-environement-vie-eau\/#primaryimage"},"thumbnailUrl":"https:\/\/www.nouscims.com\/wp-content\/uploads\/2022\/11\/EVE.jpg","datePublished":"2022-12-19T13:18:41+00:00","dateModified":"2025-11-06T09:38:49+00:00","breadcrumb":{"@id":"https:\/\/www.nouscims.com\/ca\/proyecto\/projecte-amb-lorganitzacio-environement-vie-eau\/#breadcrumb"},"inLanguage":"ca","potentialAction":[{"@type":"ReadAction","target":["https:\/\/www.nouscims.com\/ca\/proyecto\/projecte-amb-lorganitzacio-environement-vie-eau\/"]}]},{"@type":"ImageObject","inLanguage":"ca","@id":"https:\/\/www.nouscims.com\/ca\/proyecto\/projecte-amb-lorganitzacio-environement-vie-eau\/#primaryimage","url":"https:\/\/www.nouscims.com\/wp-content\/uploads\/2022\/11\/EVE.jpg","contentUrl":"https:\/\/www.nouscims.com\/wp-content\/uploads\/2022\/11\/EVE.jpg","width":2048,"height":1152},{"@type":"BreadcrumbList","@id":"https:\/\/www.nouscims.com\/ca\/proyecto\/projecte-amb-lorganitzacio-environement-vie-eau\/#breadcrumb","itemListElement":[{"@type":"ListItem","position":1,"name":"Portada","item":"https:\/\/www.nouscims.com\/ca\/"},{"@type":"ListItem","position":2,"name":"Proyectos","item":"https:\/\/www.nouscims.com\/ca\/proyecto\/"},{"@type":"ListItem","position":3,"name":"Projecte amb l&#8217;organitzaci\u00f3 Environement-Vie-Eau"}]},{"@type":"WebSite","@id":"https:\/\/www.nouscims.com\/ca\/#website","url":"https:\/\/www.nouscims.com\/ca\/","name":"Fundaci\u00f3n Privada Nous Cims","description":"Impulsamos y desarrollamos proyectos de innovaci\u00f3n social","potentialAction":[{"@type":"SearchAction","target":{"@type":"EntryPoint","urlTemplate":"https:\/\/www.nouscims.com\/ca\/?s={search_term_string}"},"query-input":{"@type":"PropertyValueSpecification","valueRequired":true,"valueName":"search_term_string"}}],"inLanguage":"ca"}]}},"_links":{"self":[{"href":"https:\/\/www.nouscims.com\/ca\/wp-json\/wp\/v2\/portfolio\/6890","targetHints":{"allow":["GET"]}}],"collection":[{"href":"https:\/\/www.nouscims.com\/ca\/wp-json\/wp\/v2\/portfolio"}],"about":[{"href":"https:\/\/www.nouscims.com\/ca\/wp-json\/wp\/v2\/types\/portfolio"}],"author":[{"embeddable":true,"href":"https:\/\/www.nouscims.com\/ca\/wp-json\/wp\/v2\/users\/2"}],"replies":[{"embeddable":true,"href":"https:\/\/www.nouscims.com\/ca\/wp-json\/wp\/v2\/comments?post=6890"}],"version-history":[{"count":8,"href":"https:\/\/www.nouscims.com\/ca\/wp-json\/wp\/v2\/portfolio\/6890\/revisions"}],"predecessor-version":[{"id":12980,"href":"https:\/\/www.nouscims.com\/ca\/wp-json\/wp\/v2\/portfolio\/6890\/revisions\/12980"}],"wp:featuredmedia":[{"embeddable":true,"href":"https:\/\/www.nouscims.com\/ca\/wp-json\/wp\/v2\/media\/6652"}],"wp:attachment":[{"href":"https:\/\/www.nouscims.com\/ca\/wp-json\/wp\/v2\/media?parent=6890"}],"wp:term":[{"taxonomy":"portfolio_category","embeddable":true,"href":"https:\/\/www.nouscims.com\/ca\/wp-json\/wp\/v2\/portfolio_category?post=6890"}],"curies":[{"name":"wp","href":"https:\/\/api.w.org\/{rel}","templated":true}]}}