{"id":2455,"date":"2019-10-11T15:44:22","date_gmt":"2019-10-11T13:44:22","guid":{"rendered":"https:\/\/www.nouscims.com\/politica-de-galetes-cookies\/"},"modified":"2025-11-06T18:08:03","modified_gmt":"2025-11-06T17:08:03","slug":"politica-de-galetes-cookies","status":"publish","type":"page","link":"https:\/\/www.nouscims.com\/ca\/politica-de-galetes-cookies\/","title":{"rendered":"Pol\u00edtica de Galetes (Cookies)"},"content":{"rendered":"<div class=\"wpb-content-wrapper\"><p>[vc_row unlock_row_content=&#8221;yes&#8221; row_height_percent=&#8221;0&#8243; override_padding=&#8221;yes&#8221; h_padding=&#8221;2&#8243; top_padding=&#8221;4&#8243; bottom_padding=&#8221;4&#8243; overlay_alpha=&#8221;90&#8243; gutter_size=&#8221;3&#8243; column_width_percent=&#8221;100&#8243; shift_y=&#8221;0&#8243; z_index=&#8221;0&#8243; content_parallax=&#8221;0&#8243; uncode_shortcode_id=&#8221;133558&#8243;][vc_column column_width_percent=&#8221;100&#8243; gutter_size=&#8221;4&#8243; style=&#8221;dark&#8221; overlay_alpha=&#8221;50&#8243; shift_x=&#8221;0&#8243; shift_y=&#8221;0&#8243; shift_y_down=&#8221;0&#8243; z_index=&#8221;0&#8243; medium_width=&#8221;0&#8243; mobile_width=&#8221;0&#8243; width=&#8221;1\/6&#8243; uncode_shortcode_id=&#8221;173837&#8243;][vc_custom_heading text_color=&#8221;accent&#8221; text_weight=&#8221;600&#8243; uncode_shortcode_id=&#8221;173790&#8243; text_color_type=&#8221;uncode-palette&#8221;]Pol\u00edtica de Galetes (Cookies)[\/vc_custom_heading][\/vc_column][vc_column column_width_percent=&#8221;85&#8243; position_horizontal=&#8221;left&#8221; gutter_size=&#8221;3&#8243; overlay_alpha=&#8221;50&#8243; shift_x=&#8221;0&#8243; shift_y=&#8221;0&#8243; shift_y_down=&#8221;0&#8243; z_index=&#8221;0&#8243; medium_width=&#8221;0&#8243; mobile_width=&#8221;0&#8243; width=&#8221;5\/6&#8243; uncode_shortcode_id=&#8221;557205&#8243;][vc_column_text]Aquest lloc web utilitza galetes<em> (cookies)<\/em>, tant pr\u00f2pies com de tercers, per a recopilar informaci\u00f3 estad\u00edstica sobre la seva navegaci\u00f3 i mostrar-li publicitat relacionada amb les seves prefer\u00e8ncies, generada a partir de les seves pautes de navegaci\u00f3. Si continua navegant, considerem que accepta el seu \u00fas.<\/p>\n<p><em>ANTECEDENTS<\/em><\/p>\n<p>De conformitat amb la normativa espanyola que regula l&#8217;\u00fas de galetes en relaci\u00f3 a la prestaci\u00f3 de serveis de comunicacions electr\u00f2niques, recollida en el Reial Decret Llei 13\/2012 del 30 de mar\u00e7, l&#8217;informem sobre les galetes utilitzades en el lloc web de <strong>FUNDACI\u00d3 PRIVADA NOUS CIMS<\/strong> (en endavant, &#8220;Nous Cims&#8221; o la &#8220;Fundaci\u00f3&#8221;) i el motiu del seu \u00fas. Aix\u00ed mateix, li informa que en navegar en el Lloc Web vost\u00e8 est\u00e0 prestant el seu consentiment per a poder utilitzar-les.<\/p>\n<p><em>QU\u00c8 S\u00d3N LES GALETES?<\/em><\/p>\n<p>Una galeta \u00e9s un fitxer que es descarrega al seu ordinador en accedir a determinades p\u00e0gines web. Les galetes permeten a una p\u00e0gina web, entre altres coses, emmagatzemar i recuperar informaci\u00f3 sobre els h\u00e0bits de navegaci\u00f3 d&#8217;un usuari o del seu equip i, depenent de la informaci\u00f3 que continguin i de la forma en qu\u00e8 utilitzi el seu equip, es poden utilitzar per recon\u00e8ixer a l&#8217;usuari. Les galetes s&#8217;associen \u00fanicament a un usuari an\u00f2nim i el seu ordinador o dispositiu i no proporcionen refer\u00e8ncies que permetin con\u00e8ixer les seves dades personals.<\/p>\n<p><em>GALETES AFECTADES PER LA NORMATIVA I GALETES EXEMPTES<\/em><\/p>\n<p>Segons la directiva de la UE, les galetes que requereixen el consentiment informat per part de l&#8217;usuari s\u00f3n les galetes d&#8217;anal\u00edtica i les de publicitat i afiliaci\u00f3, quedant exceptuades les de car\u00e0cter t\u00e8cnic i les necess\u00e0ries per al funcionament del lloc web o la prestaci\u00f3 de serveis expressament demandats per l&#8217;usuari.<\/p>\n<p>TIPUS DE GALETES<\/p>\n<ol>\n<li>a) Segons l&#8217;entitat que les gestioni, hi ha galetes pr\u00f2pies (aquelles que s&#8217;envien a l&#8217;equip terminal de l&#8217;usuari des d&#8217;un equip o domini gestionat pel propi editor i des del qual es presta el servei sol\u00b7licitat per l&#8217;usuari) i de tercers (les que s&#8217;envien a l&#8217;equip terminal de l&#8217;usuari des d&#8217;un equip o domini que no \u00e9s gestionat per l&#8217;editor, sin\u00f3 per una altra entitat que tracta les dades obtingudes mitjan\u00e7ant les galetes).<\/li>\n<li>b) Segons el temps que romanen actives, hi ha les de sessi\u00f3 (dissenyades per a demanar i emmagatzemar dades mentre l&#8217;usuari accedeix a una p\u00e0gina web) i les persistents (en qu\u00e8 les dades s&#8217;emmagatzemen en el terminal i poden ser accedits i tractats durant un per\u00edode definit pel responsable de la galeta -pot anar d&#8217;uns minuts a diversos anys-).<\/li>\n<li>c) Segons la finalitat per a la qual tracten la informaci\u00f3 que recopilen, poden ser:<\/li>\n<\/ol>\n<p>&#8211; <strong>Galetes t\u00e8cniques<\/strong> (necess\u00e0ries per a l&#8217;\u00fas del web i la prestaci\u00f3 del servei contractat),<\/p>\n<p>&#8211; <strong>Galetes de personalitzaci\u00f3<\/strong> (que permeten a l&#8217;usuari accedir al servei amb caracter\u00edstiques predefinides, com ara l&#8217;idioma, tipus de navegador, configuraci\u00f3 regional, etc.)<\/p>\n<p>&#8211; <strong>Galetes d&#8217;an\u00e0lisi<\/strong> (recullen informaci\u00f3 l&#8217;\u00fas que es realitza del web),<\/p>\n<p>&#8211; <strong>Galetes publicit\u00e0ries<\/strong> (recullen informaci\u00f3 sobre les prefer\u00e8ncies i eleccions personals dels usuaris),<\/p>\n<p>&#8211; <strong>Galetes d&#8217;afiliats<\/strong> (permeten fer un seguiment de les visites procedents d&#8217;altres webs, amb les que el Lloc Web estableix un contracte d&#8217;afiliaci\u00f3).<\/p>\n<p>TIPUS DE GALETES UTILITZADES PER A AQUEST LLOC WEB<\/p>\n<p>Les galetes utilitzades al nostre lloc web s\u00f3n de sessi\u00f3 i de tercers, i ens permeten emmagatzemar i accedir a informaci\u00f3 relativa a l&#8217;idioma, el tipus de navegador utilitzat, i altres caracter\u00edstiques generals predefinides per l&#8217;usuari, aix\u00ed com seguir i analitzar l&#8217;activitat que porta a terme per millorar i prestar els nostres serveis d&#8217;una manera m\u00e9s eficient i personalitzada. Les galetes utilitzades tenen, en tot cas, car\u00e0cter temporal, amb l&#8217;\u00fanica finalitat de fer m\u00e9s efica\u00e7 la navegaci\u00f3. En cap cas aquestes galetes proporcionen per si mateixes dades de car\u00e0cter personal i no es fan servir per a la recollida dels mateixos.<\/p>\n<p>La utilitzaci\u00f3 de les galetes ofereix avantatges, com per exemple:<\/p>\n<p>&#8211; Facilita a l&#8217;usuari la navegaci\u00f3 i l&#8217;acc\u00e9s als diferents serveis que ofereix aquest Lloc Web;<\/p>\n<p>&#8211; Evita a l&#8217;usuari haver de configurar les caracter\u00edstiques generals predefinides cada vegada que accedeix al Lloc Web;<\/p>\n<p>&#8211; Afavoreix la millora del funcionament i dels serveis prestats a trav\u00e9s d&#8217;aquest Lloc Web, despr\u00e9s del corresponent an\u00e0lisi de la informaci\u00f3 obtinguda a trav\u00e9s de les galetes instal\u00b7lades.<\/p>\n<p>En accedir al nostre web se l&#8217;informa que si segueix navegant se li s&#8217;instal\u00b7laran diverses galetes de tercers consentint aix\u00ed la instal\u00b7laci\u00f3 de determinades galetes que tindran com a \u00fanica finalitat la de registrar l&#8217;acc\u00e9s al nostre lloc web per a la realitzaci\u00f3 d&#8217;estad\u00edstiques an\u00f2nimes sobre les visites, recopilant informaci\u00f3 sempre de forma an\u00f2nima. No cal que accepti la instal\u00b7laci\u00f3 d&#8217;aquestes galetes, pot navegar igualment per tot el nostre web.<\/p>\n<p>En diverses seccions del nostre web es podran instal\u00b7lar galetes de xarxes socials, en concret les seg\u00fcents:<\/p>\n<ul>\n<li><strong>Galeta de Twitter<\/strong>, segons el que disposa la seva pol\u00edtica de privacitat i \u00fas de galetes.<\/li>\n<li><strong> Galeta de Facebook<\/strong>, segons el que disposa la seva pol\u00edtica de galetes.<\/li>\n<li><strong> Galeta de Linkedin<\/strong>, segons el disposat a la seva p\u00e0gina sobre l&#8217;\u00fas de les galetes.<\/li>\n<li><strong> Galeta de Google Maps<\/strong>, segons el que disposa la seva p\u00e0gina sobre quin tipus de galeta utilitzen.<\/li>\n<\/ul>\n<p><em>\u00a0<\/em><br \/>\nEl seu consentiment s&#8217;aplica als seg\u00fcents dominis: nouscims.dev.netsenselabs.es<\/p>\n<p>El seu estat actual i ajustos:<\/p>\n<div class=\"gdpr_cookie_settings_shortcode_content\">\n\t\t\t<hr \/>\n\t  <div class=\"gdpr-shortcode-module\" data-target=\"strict-necessary-cookies\">\n\t<div class=\"gdpr-shr-checkbox-cnt\">           \n\t  <label class=\"gdpr-shr-switch\">\n\t\t<input type=\"checkbox\" disabled checked=&quot;checked&quot;  data-name=\"moove_gdpr_strict_cookies\">\n\t\t<span class=\"gdpr-shr-slider gdpr-shr-round\"><\/span>\n\t  <\/label>\n\t<\/div>\n\t<!--  .gdpr-shr-checkbox-cnt -->\n\n\t<div class=\"gdpr-shr-title-section\">\n\t  <p>Cookies estrictament necess\u00e0ries<\/p>\n\t<\/div>\n\t<!--  .gdpr-shr-title-section -->        \n\t  \n  <\/div>\n  <!-- .gdpr-shortcode-module -->\n  <div class=\"gdpr-shortcode-module\" data-target=\"third_party_cookies\">\n\t<div class=\"gdpr-shr-checkbox-cnt\">           \n\t  <label class=\"gdpr-shr-switch\">\n\t\t  <input type=\"checkbox\" data-name=\"moove_gdpr_performance_cookies\">\n\t\t  <span class=\"gdpr-shr-slider gdpr-shr-round\"><\/span>\n\t  <\/label>\n\t<\/div>\n\t<!--  .gdpr-shr-checkbox-cnt -->\n\n\t<div class=\"gdpr-shr-title-section\">\n\t  <p>Cookies de tercers<\/p>\n\t<\/div>\n\t<!--  .gdpr-shr-title-section -->        \n\t  \n  <\/div>\n  <!-- .gdpr-shortcode-module -->\n\t<hr \/>\n\t\t\t<a href=\"#\" class=\"gdpr-shr-button button-green gdpr-shr-save-settings\">Guardar canvis<\/a>\n\t\t\n\t\t\n<\/div>\n<!--  .gdpr_cookie_settings_shortcode_content -->\n\n<p><strong>Necessari (4)\u00a0<\/strong><\/p>\n<p>Les cookies necess\u00e0ries ajuden a fer una p\u00e0gina web utilitzable activant funcions b\u00e0siques com la navegaci\u00f3 a la p\u00e0gina i l&#8217;acc\u00e9s a \u00e0rees segures de la p\u00e0gina web. La p\u00e0gina web no pot funcionar adequadament sense aquestes cookies.<\/p>\n<table id=\"CookieTable\" class=\"table table-striped table-bordered mb-5\">\n<thead>\n<tr>\n<th scope=\"col\">Cookie<\/th>\n<th scope=\"col\">Descripci\u00f3<\/th>\n<th scope=\"col\">Duraci\u00f3<\/th>\n<th scope=\"col\">Tipus<\/th>\n<\/tr>\n<\/thead>\n<tbody>\n<tr>\n<td>PHPSESSID<\/td>\n<td>Aquesta galeta \u00e9s nativa de les aplicacions PHP. La galeta s&#8217;utilitza per emmagatzemar i identificar la ID de sessi\u00f3 \u00fanica d&#8217;un usuari amb la finalitat d&#8217;administrar la sessi\u00f3 de l&#8217;usuari en el lloc web. La galeta \u00e9s una galeta de sessi\u00f3 i s&#8217;elimina quan es tanquen totes les finestres de navegador.<\/td>\n<td>Sessi\u00f3<\/td>\n<td>Necess\u00e0ria<\/td>\n<\/tr>\n<tr>\n<td>uncodeAI.screen<\/td>\n<td>WordPress configura aquesta galeta per a executar el sistema Adaptive Images. Segons la seva documentaci\u00f3, aquestes galetes contenen informaci\u00f3 en temps d&#8217;execuci\u00f3 sobre la finestra gr\u00e0fica i la resoluci\u00f3 de la pantalla. Aquestes dades s&#8217;utilitzen en qualsevol actualitzaci\u00f3 de p\u00e0gina per a calcular les imatges adaptables correctes. No s&#8217;emmagatzema informaci\u00f3 personal dins d&#8217;aquestes galetes.<\/td>\n<td>Sessi\u00f3<\/td>\n<td>Necess\u00e0ria<\/td>\n<\/tr>\n<tr>\n<td>uncodeAI.images<\/td>\n<td>WordPress configura aquesta galeta per a executar el sistema Adaptive Images. Segons la seva documentaci\u00f3, aquestes galetes contenen informaci\u00f3 en temps d&#8217;execuci\u00f3 sobre la finestra gr\u00e0fica i la resoluci\u00f3 de la pantalla. Aquestes dades s&#8217;utilitzen en qualsevol actualitzaci\u00f3 de p\u00e0gina per a calcular les imatges adaptables correctes. No s&#8217;emmagatzema informaci\u00f3 personal dins d&#8217;aquestes galetes.<\/td>\n<td>Sessi\u00f3<\/td>\n<td>Necess\u00e0ria<\/td>\n<\/tr>\n<tr>\n<td>uncodeAI.css<\/td>\n<td>WordPress configura aquesta galeta per a executar el sistema Adaptive Images. Segons la seva documentaci\u00f3, aquestes galetes contenen informaci\u00f3 en temps d&#8217;execuci\u00f3 sobre la finestra gr\u00e0fica i la resoluci\u00f3 de la pantalla. Aquestes dades s&#8217;utilitzen en qualsevol actualitzaci\u00f3 de p\u00e0gina per a calcular les imatges adaptables correctes. No s&#8217;emmagatzema informaci\u00f3 personal dins d&#8217;aquestes galetes.<\/td>\n<td>Sessi\u00f3<\/td>\n<td>Necess\u00e0ria<\/td>\n<\/tr>\n<\/tbody>\n<\/table>\n<p>&nbsp;<\/p>\n<p><strong>Estad\u00edstiques (3)\u00a0<\/strong><\/p>\n<p>Les cookies estad\u00edstiques ajuden als propietaris de p\u00e0gines web a comprendre com interactuen els visitants amb les p\u00e0gines web reunint i proporcionant informaci\u00f3 de forma an\u00f2nima.<\/p>\n<table id=\"CookieTable\" class=\"table table-striped table-bordered mb-5\">\n<thead>\n<tr>\n<th scope=\"col\">Cookie<\/th>\n<th scope=\"col\">Descripci\u00f3<\/th>\n<th scope=\"col\">Duraci\u00f3<\/th>\n<th scope=\"col\">Tipus<\/th>\n<\/tr>\n<\/thead>\n<tbody>\n<tr>\n<td>_ga<\/td>\n<td>Aquesta galeta \u00e9s instal\u00b7lada per Google Analytics. La galeta s&#8217;utilitza per a calcular les dades de visitants, sessions i campanyes i fer un seguiment de l&#8217;\u00fas de el lloc per a l&#8217;informe d&#8217;an\u00e0lisi de el lloc. Les cookies emmagatzemen informaci\u00f3 de forma an\u00f2nima i assignen un nombre generat aleat\u00f2riament per a identificar visitants \u00fanics.<\/td>\n<td>2 anys<\/td>\n<td>Analytics<\/td>\n<\/tr>\n<tr>\n<td>_gid<\/td>\n<td>Aquesta galeta \u00e9s instal\u00b7lada per Google Analytics. La galeta s&#8217;utilitza per emmagatzemar informaci\u00f3 sobre com els visitants fan servir un lloc web i ajuda a crear un informe anal\u00edtic de com est\u00e0 funcionant el lloc web. Les dades que es recopilen inclouen el nombre de visitants, la font d&#8217;on provenen i les p\u00e0gines visitades de forma an\u00f2nima.<strong><br \/>\n<\/strong><\/td>\n<td>1 dia<\/td>\n<td>Analytics<\/td>\n<\/tr>\n<tr>\n<td>_gat<\/td>\n<td>Aquesta galeta \u00e9s instal\u00b7lada per Google Universal Analytics per accelerar la taxa de sol\u00b7licitud i limitar la recopilaci\u00f3 de dades en llocs d&#8217;alt tr\u00e0nsit.<\/td>\n<td>1 minut<\/td>\n<td>Performance<\/td>\n<\/tr>\n<\/tbody>\n<\/table>\n<p>&nbsp;<\/p>\n<p><em style=\"font-family: -apple-system, BlinkMacSystemFont, 'Segoe UI', Roboto, Oxygen-Sans, Ubuntu, Cantarell, 'Helvetica Neue', sans-serif;\">REVOCACI\u00d3<\/em><\/p>\n<p>En tot moment podr\u00e0 accedir a la configuraci\u00f3 del seu navegador acceptant o rebutjant totes les galetes, o b\u00e9 seleccionar les que la instal\u00b7laci\u00f3 admet i les que no, seguint un dels seg\u00fcents procediments, que dep\u00e8n del navegador que s\u2019utilitzi:<\/p>\n<p><strong>Google Chrome<\/strong> (al men\u00fa Eines):<\/p>\n<p>Configuraci\u00f3 &gt; Mostrar opcions avan\u00e7ades &gt; Privacitat (Configuraci\u00f3 de contingut) &gt; Galetes: <a href=\"https:\/\/support.google.com\/chrome\/answer\/95647?co=GENIE.Platform%3DDesktopandhl=es\" target=\"_blank\" rel=\"noopener noreferrer\">https:\/\/support.google.com\/chrome\/answer\/95647?co=GENIE.Platform%3DDesktopandhl=es<\/a><\/p>\n<p><strong>Microsoft Internet Explorer<\/strong> (al men\u00fa Eines):<\/p>\n<p>Opcions d\u2019Internet &gt; Privacitat &gt; Avan\u00e7ada: <a href=\"https:\/\/support.microsoft.com\/es-es\/help\/17442\/windows-internet-explorer-delete-manage-cookies\" target=\"_blank\" rel=\"noopener noreferrer\">https:\/\/support.microsoft.com\/es-es\/help\/17442\/windows-internet-explorer-delete-manage-cookies<\/a><\/p>\n<p><strong>Firefox:<\/strong><\/p>\n<p>Opcions &gt; Privacitat &gt; Galetes: <a href=\"https:\/\/support.mozilla.org\/es\/kb\/habilitar-y-deshabilitar-cookies-sitios-web-rastrear-preferencias\" target=\"_blank\" rel=\"noopener noreferrer\">https:\/\/support.mozilla.org\/es\/kb\/habilitar-y-deshabilitar-cookies-sitios-web-rastrear-preferencias<\/a><\/p>\n<p><strong>Safari, iPad i iPhone:<\/strong><\/p>\n<p>Prefer\u00e8ncies &gt; Privacitat: <a href=\"https:\/\/support.apple.com\/kb\/ph21411?locale=es_ES\" target=\"_blank\" rel=\"noopener noreferrer\">https:\/\/support.apple.com\/kb\/ph21411?locale=es_ES<\/a><\/p>\n<p><strong>Opera:<\/strong><\/p>\n<p>Configuraci\u00f3 &gt; Opcions &gt; Avan\u00e7at &gt; Galetes: <a href=\"http:\/\/help.opera.com\/Windows\/12.00\/es-ES\/cookies.html\" target=\"_blank\" rel=\"noopener noreferrer\">http:\/\/help.opera.com\/Windows\/12.00\/es-ES\/cookies.html<\/a><\/p>\n<p>Aquests navegadors estan sotmesos a actualitzacions o modificacions, pel que no podem garantir que s&#8217;ajustin completament a la versi\u00f3 del seu navegador. Tamb\u00e9 pot ser que utilitzi un altre navegador no contemplat en aquests enlla\u00e7os com ara Konqueror, Arora, Flock, etc. Per evitar aquests desajustos, pot accedir directament des de les opcions del seu navegador, generalment al men\u00fa de &#8220;Opcions&#8221; a la secci\u00f3 de &#8220;Privadesa&#8221;. (Si us plau, consulteu l&#8217;ajuda del seu navegador per a m\u00e9s informaci\u00f3).<\/p>\n<p><em>DESACTIVACI\u00d3\/ACTIVACI\u00d3 I ELIMINACI\u00d3 DE GALETES<\/em><\/p>\n<p>Per a restringir o bloquejar les galetes, es fa a trav\u00e9s de la configuraci\u00f3 del navegador.<\/p>\n<p>Si no desitja que el Lloc Web carregui cap galeta al seu equip, pot adaptar la configuraci\u00f3 del navegador de manera que se li notifiqui abans que es col\u00b7loqui cap galeta. De la mateixa manera, pot adaptar la configuraci\u00f3 de manera que el navegador rebutgi totes les galetes, o \u00fanicament les galetes de tercers. Tamb\u00e9 pot eliminar qualsevol de les galetes que ja es trobin en l&#8217;equip. Recordeu que s&#8217;haur\u00e0 d&#8217;adaptar per separat la configuraci\u00f3 de cada navegador i equip que utilitzi.<\/p>\n<p>Recordi que, si no desitja rebre galetes, no podrem garantir que el nostre lloc web funcioni com cal. Potser algunes funcions del lloc es perden i \u00e9s possible que ja no pugui veure certs llocs web. A m\u00e9s, rebutjar les galetes no vol dir que no vegi anuncis publicitaris. Simplement els anuncis no s&#8217;ajustaran als seus interessos i es repetiran amb m\u00e9s freq\u00fc\u00e8ncia.<\/p>\n<p>Cada navegador t\u00e9 un m\u00e8tode diferent per adaptar la configuraci\u00f3. Si cal, consulteu la funci\u00f3 d&#8217;ajuda del navegador per establir la configuraci\u00f3 correcta.<\/p>\n<p>Per desactivar les galetes al tel\u00e8fon m\u00f2bil, consulteu el manual del dispositiu per obtenir m\u00e9s informaci\u00f3.<\/p>\n<p>Podeu obtenir m\u00e9s informaci\u00f3 sobre les galetes a Internet: <a href=\"http:\/\/www.aboutcookies.org\/\">http:\/\/www.aboutcookies.org\/<\/a>.<\/p>\n<p>Tenint en compte la forma en qu\u00e8 funciona Internet i els llocs web, no sempre comptem amb informaci\u00f3 de les galetes que col\u00b7loquen terceres parts a trav\u00e9s del nostre lloc web. Aix\u00f2 s&#8217;aplica especialment a casos en qu\u00e8 la nostra p\u00e0gina web cont\u00e9 el que es denominen elements integrats: textos, documents, imatges o breus pel\u00b7l\u00edcules que s&#8217;emmagatzemen en una altra part, per\u00f2 que es mostren al nostre lloc web o mitjan\u00e7ant el mateix.<\/p>\n<p>Per tant, en cas que es trobi amb aquest tipus de galetes en aquest lloc web i no estiguin enumerades en la llista anterior, li preguem que ens ho comuniqui. O b\u00e9 poseu-vos en contacte directament amb el tercer per a demanar-li informaci\u00f3 sobre les galetes que col\u00b7loca, la finalitat i la durada de la galeta, i com ha garantit la seva privacitat.<\/p>\n<p><em>INFORMACI\u00d3 RELACIONADA AMB EL TRACTAMENT DE DADES PERSONALS (ART.13 RGPD)<\/em><\/p>\n<p><a href=\"https:\/\/www.nouscims.com\/ca\/politica-de-privacitat\/\">POL\u00cdTICA DE PRIVACITAT<\/a>[\/vc_column_text][\/vc_column][\/vc_row]<\/p>\n<\/div>","protected":false},"excerpt":{"rendered":"[vc_row unlock_row_content=\"yes\" row_height_percent=\"0\" override_padding=\"yes\" h_padding=\"2\" top_padding=\"4\" bottom_padding=\"4\" overlay_alpha=\"90\" gutter_size=\"3\" column_width_percent=\"100\" shift_y=\"0\" z_index=\"0\" content_parallax=\"0\" uncode_shortcode_id=\"133558\"][vc_column column_width_percent=\"100\" gutter_size=\"4\" style=\"dark\" overlay_alpha=\"50\" shift_x=\"0\" shift_y=\"0\" [...]","protected":false},"author":1,"featured_media":0,"parent":0,"menu_order":0,"comment_status":"closed","ping_status":"closed","template":"","meta":{"footnotes":""},"class_list":["post-2455","page","type-page","status-publish","hentry"],"yoast_head":"<!-- This site is optimized with the Yoast SEO plugin v27.4 - https:\/\/yoast.com\/product\/yoast-seo-wordpress\/ -->\n<title>Pol\u00edtica de Galetes (Cookies) - Fundaci\u00f3n Privada Nous Cims<\/title>\n<meta name=\"robots\" content=\"index, follow, max-snippet:-1, max-image-preview:large, max-video-preview:-1\" \/>\n<link rel=\"canonical\" href=\"https:\/\/www.nouscims.com\/ca\/politica-de-galetes-cookies\/\" \/>\n<meta property=\"og:locale\" content=\"ca_ES\" \/>\n<meta property=\"og:type\" content=\"article\" \/>\n<meta property=\"og:title\" content=\"Pol\u00edtica de Galetes (Cookies) - Fundaci\u00f3n Privada Nous Cims\" \/>\n<meta property=\"og:url\" content=\"https:\/\/www.nouscims.com\/ca\/politica-de-galetes-cookies\/\" \/>\n<meta property=\"og:site_name\" content=\"Fundaci\u00f3n Privada Nous Cims\" \/>\n<meta property=\"article:publisher\" content=\"https:\/\/www.facebook.com\/nouscims\" \/>\n<meta property=\"article:modified_time\" content=\"2025-11-06T17:08:03+00:00\" \/>\n<meta name=\"twitter:card\" content=\"summary_large_image\" \/>\n<meta name=\"twitter:site\" content=\"@nouscims\" \/>\n<meta name=\"twitter:label1\" content=\"Temps estimat de lectura\" \/>\n\t<meta name=\"twitter:data1\" content=\"9 minuts\" \/>\n<script type=\"application\/ld+json\" class=\"yoast-schema-graph\">{\"@context\":\"https:\\\/\\\/schema.org\",\"@graph\":[{\"@type\":\"WebPage\",\"@id\":\"https:\\\/\\\/www.nouscims.com\\\/ca\\\/politica-de-galetes-cookies\\\/\",\"url\":\"https:\\\/\\\/www.nouscims.com\\\/ca\\\/politica-de-galetes-cookies\\\/\",\"name\":\"Pol\u00edtica de Galetes (Cookies) - Fundaci\u00f3n Privada Nous Cims\",\"isPartOf\":{\"@id\":\"https:\\\/\\\/www.nouscims.com\\\/ca\\\/#website\"},\"datePublished\":\"2019-10-11T13:44:22+00:00\",\"dateModified\":\"2025-11-06T17:08:03+00:00\",\"breadcrumb\":{\"@id\":\"https:\\\/\\\/www.nouscims.com\\\/ca\\\/politica-de-galetes-cookies\\\/#breadcrumb\"},\"inLanguage\":\"ca\",\"potentialAction\":[{\"@type\":\"ReadAction\",\"target\":[\"https:\\\/\\\/www.nouscims.com\\\/ca\\\/politica-de-galetes-cookies\\\/\"]}]},{\"@type\":\"BreadcrumbList\",\"@id\":\"https:\\\/\\\/www.nouscims.com\\\/ca\\\/politica-de-galetes-cookies\\\/#breadcrumb\",\"itemListElement\":[{\"@type\":\"ListItem\",\"position\":1,\"name\":\"Portada\",\"item\":\"https:\\\/\\\/www.nouscims.com\\\/ca\\\/\"},{\"@type\":\"ListItem\",\"position\":2,\"name\":\"Pol\u00edtica de Galetes (Cookies)\"}]},{\"@type\":\"WebSite\",\"@id\":\"https:\\\/\\\/www.nouscims.com\\\/ca\\\/#website\",\"url\":\"https:\\\/\\\/www.nouscims.com\\\/ca\\\/\",\"name\":\"Fundaci\u00f3n Privada Nous Cims\",\"description\":\"Impulsamos y desarrollamos proyectos de innovaci\u00f3n social\",\"potentialAction\":[{\"@type\":\"SearchAction\",\"target\":{\"@type\":\"EntryPoint\",\"urlTemplate\":\"https:\\\/\\\/www.nouscims.com\\\/ca\\\/?s={search_term_string}\"},\"query-input\":{\"@type\":\"PropertyValueSpecification\",\"valueRequired\":true,\"valueName\":\"search_term_string\"}}],\"inLanguage\":\"ca\"}]}<\/script>\n<!-- \/ Yoast SEO plugin. -->","yoast_head_json":{"title":"Pol\u00edtica de Galetes (Cookies) - Fundaci\u00f3n Privada Nous Cims","robots":{"index":"index","follow":"follow","max-snippet":"max-snippet:-1","max-image-preview":"max-image-preview:large","max-video-preview":"max-video-preview:-1"},"canonical":"https:\/\/www.nouscims.com\/ca\/politica-de-galetes-cookies\/","og_locale":"ca_ES","og_type":"article","og_title":"Pol\u00edtica de Galetes (Cookies) - Fundaci\u00f3n Privada Nous Cims","og_url":"https:\/\/www.nouscims.com\/ca\/politica-de-galetes-cookies\/","og_site_name":"Fundaci\u00f3n Privada Nous Cims","article_publisher":"https:\/\/www.facebook.com\/nouscims","article_modified_time":"2025-11-06T17:08:03+00:00","twitter_card":"summary_large_image","twitter_site":"@nouscims","twitter_misc":{"Temps estimat de lectura":"9 minuts"},"schema":{"@context":"https:\/\/schema.org","@graph":[{"@type":"WebPage","@id":"https:\/\/www.nouscims.com\/ca\/politica-de-galetes-cookies\/","url":"https:\/\/www.nouscims.com\/ca\/politica-de-galetes-cookies\/","name":"Pol\u00edtica de Galetes (Cookies) - Fundaci\u00f3n Privada Nous Cims","isPartOf":{"@id":"https:\/\/www.nouscims.com\/ca\/#website"},"datePublished":"2019-10-11T13:44:22+00:00","dateModified":"2025-11-06T17:08:03+00:00","breadcrumb":{"@id":"https:\/\/www.nouscims.com\/ca\/politica-de-galetes-cookies\/#breadcrumb"},"inLanguage":"ca","potentialAction":[{"@type":"ReadAction","target":["https:\/\/www.nouscims.com\/ca\/politica-de-galetes-cookies\/"]}]},{"@type":"BreadcrumbList","@id":"https:\/\/www.nouscims.com\/ca\/politica-de-galetes-cookies\/#breadcrumb","itemListElement":[{"@type":"ListItem","position":1,"name":"Portada","item":"https:\/\/www.nouscims.com\/ca\/"},{"@type":"ListItem","position":2,"name":"Pol\u00edtica de Galetes (Cookies)"}]},{"@type":"WebSite","@id":"https:\/\/www.nouscims.com\/ca\/#website","url":"https:\/\/www.nouscims.com\/ca\/","name":"Fundaci\u00f3n Privada Nous Cims","description":"Impulsamos y desarrollamos proyectos de innovaci\u00f3n social","potentialAction":[{"@type":"SearchAction","target":{"@type":"EntryPoint","urlTemplate":"https:\/\/www.nouscims.com\/ca\/?s={search_term_string}"},"query-input":{"@type":"PropertyValueSpecification","valueRequired":true,"valueName":"search_term_string"}}],"inLanguage":"ca"}]}},"_links":{"self":[{"href":"https:\/\/www.nouscims.com\/ca\/wp-json\/wp\/v2\/pages\/2455","targetHints":{"allow":["GET"]}}],"collection":[{"href":"https:\/\/www.nouscims.com\/ca\/wp-json\/wp\/v2\/pages"}],"about":[{"href":"https:\/\/www.nouscims.com\/ca\/wp-json\/wp\/v2\/types\/page"}],"author":[{"embeddable":true,"href":"https:\/\/www.nouscims.com\/ca\/wp-json\/wp\/v2\/users\/1"}],"replies":[{"embeddable":true,"href":"https:\/\/www.nouscims.com\/ca\/wp-json\/wp\/v2\/comments?post=2455"}],"version-history":[{"count":8,"href":"https:\/\/www.nouscims.com\/ca\/wp-json\/wp\/v2\/pages\/2455\/revisions"}],"predecessor-version":[{"id":13175,"href":"https:\/\/www.nouscims.com\/ca\/wp-json\/wp\/v2\/pages\/2455\/revisions\/13175"}],"wp:attachment":[{"href":"https:\/\/www.nouscims.com\/ca\/wp-json\/wp\/v2\/media?parent=2455"}],"curies":[{"name":"wp","href":"https:\/\/api.w.org\/{rel}","templated":true}]}}